{"id":909,"date":"2017-07-12T19:27:10","date_gmt":"2017-07-12T22:27:10","guid":{"rendered":"https:\/\/insurancecorp.com.br\/pt\/?page_id=909"},"modified":"2023-09-12T12:45:48","modified_gmt":"2023-09-12T15:45:48","slug":"eventos","status":"publish","type":"page","link":"https:\/\/insurancecorp.com.br\/pt\/eventos\/","title":{"rendered":"Eventos"},"content":{"rendered":"<div id=\"pl-909\"  class=\"panel-layout\" ><div id=\"pg-909-0\"  class=\"panel-grid panel-no-style\" ><div id=\"pgc-909-0-0\"  class=\"panel-grid-cell\" ><div id=\"panel-909-0-0-0\" class=\"so-panel widget widget_space_widget panel-first-child panel-last-child\" data-index=\"0\" ><div class=\"clearfix\" style=\"height:10px\"><\/div><\/div><\/div><\/div><div id=\"pg-909-1\"  class=\"panel-grid panel-no-style\" ><div id=\"pgc-909-1-0\"  class=\"panel-grid-cell\" ><div id=\"panel-909-1-0-0\" class=\"so-panel widget widget_sow-editor panel-first-child\" data-index=\"1\" ><div class=\"so-widget-sow-editor so-widget-sow-editor-base\">\n<div class=\"siteorigin-widget-tinymce textwidget\">\n\t<h1>Eventos<\/h1>\n<p>Confira abaixo uma lista de eventos do mercado de seguros:<\/p>\n<h4>Festa de fim de ano CVG-SP<\/h4>\n<p><strong>Data<\/strong>: 29 de novembro<br \/>\n<strong>Local<\/strong>: Casa Bisutti<br \/>\nRua Casa do Ator, 577 - Vila Olimpia - S\u00e3o Paulo\/SP<\/p>\n<h4>CVG-SP - MDRT Day Brazil<\/h4>\n<p><strong>Data<\/strong>: 25 de outubro<br \/>\n<strong>Local<\/strong>: Teatro Maksoud Plaza<br \/>\nR. S\u00e3o Carlos do Pinhal, 424 \u2013 Jardim Paulista - S\u00e3o Paulo\/SP<br \/>\n<strong>Inscri\u00e7\u00f5es<\/strong>: www.cvg.org.br<\/p>\n<h4>A Era Digital e o Corretor de Seguros<\/h4>\n<p><strong>Data<\/strong>: 20 de setembro<br \/>\n<strong>Hor\u00e1rio<\/strong>: 11h45 \u00e0s 14h30<br \/>\n<strong>Local<\/strong>: Terra\u00e7o It\u00e1lia - Sala Panorama<br \/>\nAv. Ipiranga, 344 - 42\u00ba andar \u2013 S\u00e3o Paulo \/ SP<br \/>\n<strong>Inscri\u00e7\u00f5es<\/strong>: cvg@cvg.org.br<\/p>\n<h4>20\u00ba Congresso Brasileiro\u00a0\u00a0dos Corretores de Seguros e 4\u00ba Congresso Brasileiro de Sa\u00fade Suplementar<\/h4>\n<p><strong>In\u00edcio<\/strong>: 12 de outubro<br \/>\n<strong>Final<\/strong>: 14 de outubro<br \/>\n<strong>Organizador<\/strong>: Fenacor<br \/>\n<strong>Website<\/strong>: <a href=\"https:\/\/www2.fenacor.org.br\/congresso\/20\/\">https:\/\/www2.fenacor.org.br\/congresso\/20\/<\/a><br \/>\n<strong>Local<\/strong>: Centro de Cultura e Conven\u00e7\u00f5es Goi\u00e2nia<br \/>\nRua 4, 1400 - St. Central, Goi\u00e2nia - GO, 74025-020<\/p>\n<h4>8\u00ba Conseguro<\/h4>\n<p><strong>In\u00edcio<\/strong>: 19 setembro<br \/>\n<strong>Final<\/strong>: 21 setembro<br \/>\n<strong>Organizador<\/strong>: CNseg<br \/>\n<strong>Website<\/strong>:\u00a0<a href=\"https:\/\/eventos.cnseg.org.br\/eventos\/evento\/8-conseguro\/\">https:\/\/eventos.cnseg.org.br\/eventos\/evento\/8-conseguro\/<\/a><br \/>\n<strong>Local<\/strong>:\u00a0WINDSOR CONVENTION &amp; EXPO CENTER - BARRA DA TIJUCA<br \/>\nRio de Janeiro - RJ<\/p>\n<h4>XII Semin\u00e1rio Internacional de Ger\u00eancia de Riscos e Seguros da ABGR<\/h4>\n<p><strong>In\u00edcio<\/strong>: 21 de agosto<br \/>\n<strong>Final<\/strong>: 23 de agosto<br \/>\n<strong>Organizador<\/strong>: Associa\u00e7\u00e3o Brasileira de Ger\u00eancia de Riscos (ABGR)<br \/>\n<strong>Website<\/strong>:\u00a0<a href=\"https:\/\/www.abgr.com.br\/XIIseminario2017\/\">https:\/\/www.abgr.com.br\/XIIseminario2017\/<br \/>\n<\/a><strong>Local<\/strong>:\u00a0WTC \u2013 World Trade Center S\u00e3o Paulo<br \/>\n<span class=\"tribe-address\"><span class=\"tribe-street-address\">Avenida das Na\u00e7\u00f5es Unidas, 12551<\/span><br \/>\n<span class=\"tribe-locality\">S\u00e3o Paulo<\/span><span class=\"tribe-delimiter\">,<\/span>\u00a0<abbr class=\"tribe-region tribe-events-abbr\" title=\"S\u00e3o Paulo\">S\u00e3o Paulo<\/abbr>\u00a0<\/span><\/p>\n<\/div>\n<\/div><\/div><div id=\"panel-909-1-0-1\" class=\"so-panel widget widget_space_widget\" data-index=\"2\" ><div class=\"clearfix\" style=\"height:40px\"><\/div><\/div><div id=\"panel-909-1-0-2\" class=\"so-panel widget widget_posts_widget\" data-index=\"3\" ><h2 class=\"heading heading-left\"><span>Sobre os Eventos<\/span><\/h2><div><div class=\"poster-small  \"><a class=\"poster-image mt-radius pull-left\" href=\"https:\/\/insurancecorp.com.br\/pt\/2026\/04\/08\/too-seguros-promove-evento-inedito\/\"><div class=\"mt-post-image\" ><div class=\"mt-post-image-background\" style=\"background-image:url(https:\/\/insurancecorp.com.br\/pt\/wp-content\/uploads\/2026\/04\/Time-da-Too-Seguros-em-Goiania-durante-o-evento-Too-em-Rota-15x11.jpg);\"><\/div><img src=\"data:image\/gif;base64,R0lGODlhAQABAIAAAAAAAP\/\/\/yH5BAEAAAAALAAAAAABAAEAAAIBRAA7\"  alt=\"Too Seguros promove evento in\u00e9dito\"  data-src=\"https:\/\/insurancecorp.com.br\/pt\/wp-content\/uploads\/2026\/04\/Time-da-Too-Seguros-em-Goiania-durante-o-evento-Too-em-Rota-150x150.jpg\" \/><\/div><\/a><div class=\"poster-text\"><a href=\"https:\/\/insurancecorp.com.br\/pt\/2026\/04\/08\/too-seguros-promove-evento-inedito\/\"><h4>Too Seguros promove evento in\u00e9dito<\/h4><\/a><small class=\"mt-pl\"><span class=\"color-silver-light mt-pl-d\">8 de abril de 2026<\/span><\/small><\/div><div class=\"clearfix\"><\/div><\/div><div class=\"poster-small  \"><a class=\"poster-image mt-radius pull-left\" href=\"https:\/\/insurancecorp.com.br\/pt\/2026\/03\/25\/6o-intercambio-para-corretoras-aposta-em-imersao-pratica\/\"><div class=\"mt-post-image\" ><div class=\"mt-post-image-background\" style=\"background-image:url(https:\/\/insurancecorp.com.br\/pt\/wp-content\/uploads\/2026\/03\/9bd9d9b3-edb6-4e65-92f8-ff85607e9dc7-e1774461467779-15x7.png);\"><\/div><img src=\"data:image\/gif;base64,R0lGODlhAQABAIAAAAAAAP\/\/\/yH5BAEAAAAALAAAAAABAAEAAAIBRAA7\"  alt=\"6\u00ba Interc\u00e2mbio para Corretoras aposta em imers\u00e3o pr\u00e1tica\"  data-src=\"https:\/\/insurancecorp.com.br\/pt\/wp-content\/uploads\/2026\/03\/9bd9d9b3-edb6-4e65-92f8-ff85607e9dc7-e1774461467779-150x150.png\" \/><\/div><\/a><div class=\"poster-text\"><a href=\"https:\/\/insurancecorp.com.br\/pt\/2026\/03\/25\/6o-intercambio-para-corretoras-aposta-em-imersao-pratica\/\"><h4>6\u00ba Interc\u00e2mbio para Corretoras aposta em imers\u00e3o pr\u00e1tica<\/h4><\/a><small class=\"mt-pl\"><span class=\"color-silver-light mt-pl-d\">25 de mar\u00e7o de 2026<\/span><\/small><\/div><div class=\"clearfix\"><\/div><\/div><div class=\"poster-small  \"><a class=\"poster-image mt-radius pull-left\" href=\"https:\/\/insurancecorp.com.br\/pt\/2026\/03\/16\/6o-congresso-de-corretores-de-seguros-do-norte-e-nordeste-reune-liderancas-do-mercado-na-bahia\/\"><div class=\"mt-post-image\" ><div class=\"mt-post-image-background\" style=\"background-image:url(https:\/\/insurancecorp.com.br\/pt\/wp-content\/uploads\/2026\/03\/WhatsApp-Image-2026-03-15-at-22.54.06-e1773673077561-15x6.jpeg);\"><\/div><img src=\"data:image\/gif;base64,R0lGODlhAQABAIAAAAAAAP\/\/\/yH5BAEAAAAALAAAAAABAAEAAAIBRAA7\"  alt=\"6\u00ba Congresso de Corretores de Seguros do Norte e Nordeste re\u00fane lideran\u00e7as do mercado, na Bahia\"  data-src=\"https:\/\/insurancecorp.com.br\/pt\/wp-content\/uploads\/2026\/03\/WhatsApp-Image-2026-03-15-at-22.54.06-e1773673077561-150x150.jpeg\" \/><\/div><\/a><div class=\"poster-text\"><a href=\"https:\/\/insurancecorp.com.br\/pt\/2026\/03\/16\/6o-congresso-de-corretores-de-seguros-do-norte-e-nordeste-reune-liderancas-do-mercado-na-bahia\/\"><h4>6\u00ba Congresso de Corretores de Seguros do Norte e Nordeste re\u00fane lideran\u00e7as do mercado, na Bahia<\/h4><\/a><small class=\"mt-pl\"><span class=\"color-silver-light mt-pl-d\">16 de mar\u00e7o de 2026<\/span><\/small><\/div><div class=\"clearfix\"><\/div><\/div><div class=\"poster-small  \"><a class=\"poster-image mt-radius pull-left\" href=\"https:\/\/insurancecorp.com.br\/pt\/2026\/03\/09\/congresso-minha-vida-protegida-encerra-programacao-com-debates\/\"><div class=\"mt-post-image\" ><div class=\"mt-post-image-background\" style=\"background-image:url(https:\/\/insurancecorp.com.br\/pt\/wp-content\/uploads\/2026\/03\/minha-vida-protegida-e1773080105800-15x8.jpeg);\"><\/div><img src=\"data:image\/gif;base64,R0lGODlhAQABAIAAAAAAAP\/\/\/yH5BAEAAAAALAAAAAABAAEAAAIBRAA7\"  alt=\"Congresso Minha Vida Protegida encerra programa\u00e7\u00e3o com debates\"  data-src=\"https:\/\/insurancecorp.com.br\/pt\/wp-content\/uploads\/2026\/03\/minha-vida-protegida-e1773080105800-150x150.jpeg\" \/><\/div><\/a><div class=\"poster-text\"><a href=\"https:\/\/insurancecorp.com.br\/pt\/2026\/03\/09\/congresso-minha-vida-protegida-encerra-programacao-com-debates\/\"><h4>Congresso Minha Vida Protegida encerra programa\u00e7\u00e3o com debates<\/h4><\/a><small class=\"mt-pl\"><span class=\"color-silver-light mt-pl-d\">9 de mar\u00e7o de 2026<\/span><\/small><\/div><div class=\"clearfix\"><\/div><\/div><div class=\"poster-small  \"><a class=\"poster-image mt-radius pull-left\" href=\"https:\/\/insurancecorp.com.br\/pt\/2026\/03\/09\/congresso-minha-vida-protegida-abre-primeira-edicao\/\"><div class=\"mt-post-image\" ><div class=\"mt-post-image-background\" style=\"background-image:url(https:\/\/insurancecorp.com.br\/pt\/wp-content\/uploads\/2026\/03\/DSC09970-scaled-e1773066905472-15x10.jpg);\"><\/div><img src=\"data:image\/gif;base64,R0lGODlhAQABAIAAAAAAAP\/\/\/yH5BAEAAAAALAAAAAABAAEAAAIBRAA7\"  alt=\"Congresso Minha Vida Protegida abre primeira edi\u00e7\u00e3o\"  data-src=\"https:\/\/insurancecorp.com.br\/pt\/wp-content\/uploads\/2026\/03\/DSC09970-scaled-e1773066905472-150x150.jpg\" \/><\/div><\/a><div class=\"poster-text\"><a href=\"https:\/\/insurancecorp.com.br\/pt\/2026\/03\/09\/congresso-minha-vida-protegida-abre-primeira-edicao\/\"><h4>Congresso Minha Vida Protegida abre primeira edi\u00e7\u00e3o<\/h4><\/a><small class=\"mt-pl\"><span class=\"color-silver-light mt-pl-d\">9 de mar\u00e7o de 2026<\/span><\/small><\/div><div class=\"clearfix\"><\/div><\/div><div class=\"poster-small  \"><a class=\"poster-image mt-radius pull-left\" href=\"https:\/\/insurancecorp.com.br\/pt\/2026\/03\/05\/estao-abertas-as-inscricoes-para-o-15o-congresso-brasileiro-de-atuaria\/\"><div class=\"mt-post-image\" ><div class=\"mt-post-image-background\" style=\"background-image:url(https:\/\/insurancecorp.com.br\/pt\/wp-content\/uploads\/2026\/03\/Design-sem-nome-1-e1772729985711-15x6.png);\"><\/div><img src=\"data:image\/gif;base64,R0lGODlhAQABAIAAAAAAAP\/\/\/yH5BAEAAAAALAAAAAABAAEAAAIBRAA7\"  alt=\"Est\u00e3o abertas as inscri\u00e7\u00f5es para o 15\u00ba Congresso Brasileiro de Atu\u00e1ria\"  data-src=\"https:\/\/insurancecorp.com.br\/pt\/wp-content\/uploads\/2026\/03\/Design-sem-nome-1-e1772729985711-150x150.png\" \/><\/div><\/a><div class=\"poster-text\"><a href=\"https:\/\/insurancecorp.com.br\/pt\/2026\/03\/05\/estao-abertas-as-inscricoes-para-o-15o-congresso-brasileiro-de-atuaria\/\"><h4>Est\u00e3o abertas as inscri\u00e7\u00f5es para o 15\u00ba Congresso Brasileiro de Atu\u00e1ria<\/h4><\/a><small class=\"mt-pl\"><span class=\"color-silver-light mt-pl-d\">5 de mar\u00e7o de 2026<\/span><\/small><\/div><div class=\"clearfix\"><\/div><\/div><div class=\"poster-small  \"><a class=\"poster-image mt-radius pull-left\" href=\"https:\/\/insurancecorp.com.br\/pt\/2024\/06\/25\/medidas-para-garantir-o-sucesso-e-a-seguranca-do-seu-evento\/\"><div class=\"mt-post-image\" ><div class=\"mt-post-image-background\" style=\"background-image:url(https:\/\/insurancecorp.com.br\/pt\/wp-content\/uploads\/2024\/06\/51d1e0a076afb1dd44d1589f79b421cc-15x10.jpeg);\"><\/div><img src=\"data:image\/gif;base64,R0lGODlhAQABAIAAAAAAAP\/\/\/yH5BAEAAAAALAAAAAABAAEAAAIBRAA7\"  alt=\"Medidas para garantir o sucesso e a seguran\u00e7a do seu evento\"  data-src=\"https:\/\/insurancecorp.com.br\/pt\/wp-content\/uploads\/2024\/06\/51d1e0a076afb1dd44d1589f79b421cc-150x150.jpeg\" \/><\/div><\/a><div class=\"poster-text\"><a href=\"https:\/\/insurancecorp.com.br\/pt\/2024\/06\/25\/medidas-para-garantir-o-sucesso-e-a-seguranca-do-seu-evento\/\"><h4>Medidas para garantir o sucesso e a seguran\u00e7a do seu evento<\/h4><\/a><small class=\"mt-pl\"><span class=\"color-silver-light mt-pl-d\">25 de junho de 2024<\/span><\/small><\/div><div class=\"clearfix\"><\/div><\/div><div class=\"poster-small  \"><a class=\"poster-image mt-radius pull-left\" href=\"https:\/\/insurancecorp.com.br\/pt\/2024\/03\/27\/conduta-plus-e-a-corretora-de-seguros-oficial-da-conferencia-bni-brasil-2024\/\"><div class=\"mt-post-image\" ><div class=\"mt-post-image-background\" style=\"background-image:url(https:\/\/insurancecorp.com.br\/pt\/wp-content\/uploads\/2024\/03\/Mauricio-Vinhao-e-Head-de-Sales-Client-Management-da-WTW-no-Brasil-27-1-15x8.jpg);\"><\/div><img src=\"data:image\/gif;base64,R0lGODlhAQABAIAAAAAAAP\/\/\/yH5BAEAAAAALAAAAAABAAEAAAIBRAA7\"  alt=\"Conduta Plus \u00e9 a Corretora de Seguros oficial da Confer\u00eancia BNI Brasil 2024\"  data-src=\"https:\/\/insurancecorp.com.br\/pt\/wp-content\/uploads\/2024\/03\/Mauricio-Vinhao-e-Head-de-Sales-Client-Management-da-WTW-no-Brasil-27-1-150x150.jpg\" \/><\/div><\/a><div class=\"poster-text\"><a href=\"https:\/\/insurancecorp.com.br\/pt\/2024\/03\/27\/conduta-plus-e-a-corretora-de-seguros-oficial-da-conferencia-bni-brasil-2024\/\"><h4>Conduta Plus \u00e9 a Corretora de Seguros oficial da Confer\u00eancia BNI Brasil 2024<\/h4><\/a><small class=\"mt-pl\"><span class=\"color-silver-light mt-pl-d\">27 de mar\u00e7o de 2024<\/span><\/small><\/div><div class=\"clearfix\"><\/div><\/div><div class=\"poster-small  \"><a class=\"poster-image mt-radius pull-left\" href=\"https:\/\/insurancecorp.com.br\/pt\/2023\/04\/12\/zvconsultoriacafedamanha\/\"><div class=\"mt-post-image\" ><div class=\"mt-post-image-background\" style=\"background-image:url(https:\/\/insurancecorp.com.br\/pt\/wp-content\/uploads\/2023\/04\/1-33-15x21.jpg);\"><\/div><img src=\"data:image\/gif;base64,R0lGODlhAQABAIAAAAAAAP\/\/\/yH5BAEAAAAALAAAAAABAAEAAAIBRAA7\"  alt=\"ZV Consultoria e Olivier recebem convidados para um caf\u00e9 da manh\u00e3 em S\u00e3o Paulo\"  data-src=\"https:\/\/insurancecorp.com.br\/pt\/wp-content\/uploads\/2023\/04\/1-33-150x150.jpg\" \/><\/div><\/a><div class=\"poster-text\"><a href=\"https:\/\/insurancecorp.com.br\/pt\/2023\/04\/12\/zvconsultoriacafedamanha\/\"><h4>ZV Consultoria e Olivier recebem convidados para um caf\u00e9 da manh\u00e3 em S\u00e3o Paulo<\/h4><\/a><small class=\"mt-pl\"><span class=\"color-silver-light mt-pl-d\">12 de abril de 2023<\/span><\/small><\/div><div class=\"clearfix\"><\/div><\/div><div class=\"poster-small  \"><a class=\"poster-image mt-radius pull-left\" href=\"https:\/\/insurancecorp.com.br\/pt\/2020\/09\/19\/dive-in-festival-no-brasil\/\"><div class=\"mt-post-image\" ><div class=\"mt-post-image-background\" style=\"background-image:url(https:\/\/insurancecorp.com.br\/pt\/wp-content\/uploads\/2020\/09\/1-31-15x5.jpg);\"><\/div><img src=\"data:image\/gif;base64,R0lGODlhAQABAIAAAAAAAP\/\/\/yH5BAEAAAAALAAAAAABAAEAAAIBRAA7\"  alt=\"Dive In Festival no Brasil\"  data-src=\"https:\/\/insurancecorp.com.br\/pt\/wp-content\/uploads\/2020\/09\/1-31-150x150.jpg\" \/><\/div><\/a><div class=\"poster-text\"><a href=\"https:\/\/insurancecorp.com.br\/pt\/2020\/09\/19\/dive-in-festival-no-brasil\/\"><h4>Dive In Festival no Brasil<\/h4><\/a><small class=\"mt-pl\"><span class=\"color-silver-light mt-pl-d\">19 de setembro de 2020<\/span><\/small><\/div><div class=\"clearfix\"><\/div><\/div><\/div><\/div><div id=\"panel-909-1-0-3\" class=\"so-panel widget widget_space_widget panel-last-child\" data-index=\"4\" ><div class=\"clearfix\" style=\"height:40px\"><\/div><\/div><\/div><div id=\"pgc-909-1-1\"  class=\"panel-grid-cell\" ><div id=\"panel-909-1-1-0\" class=\"so-panel widget widget_space_widget panel-first-child\" data-index=\"5\" ><div class=\"clearfix\" style=\"height:40px\"><\/div><\/div><div id=\"panel-909-1-1-1\" class=\"so-panel widget widget_posts_widget\" data-index=\"6\" ><h2 class=\"heading\"><span>Mais Lidas<\/span><\/h2><div><div class=\"poster-small  \"><a class=\"poster-image mt-radius pull-left\" href=\"https:\/\/insurancecorp.com.br\/pt\/2023\/04\/12\/zvconsultoriacafedamanha\/\"><div class=\"mt-post-image\" ><div class=\"mt-post-image-background\" style=\"background-image:url(https:\/\/insurancecorp.com.br\/pt\/wp-content\/uploads\/2023\/04\/1-33-15x21.jpg);\"><\/div><img src=\"data:image\/gif;base64,R0lGODlhAQABAIAAAAAAAP\/\/\/yH5BAEAAAAALAAAAAABAAEAAAIBRAA7\"  alt=\"ZV Consultoria e Olivier recebem convidados para um caf\u00e9 da manh\u00e3 em S\u00e3o Paulo\"  data-src=\"https:\/\/insurancecorp.com.br\/pt\/wp-content\/uploads\/2023\/04\/1-33-150x150.jpg\" \/><\/div><\/a><div class=\"poster-text\"><a href=\"https:\/\/insurancecorp.com.br\/pt\/2023\/04\/12\/zvconsultoriacafedamanha\/\"><h4>ZV Consultoria e Olivier recebem convidados para um caf\u00e9 da manh\u00e3 em S\u00e3o Paulo<\/h4><\/a><small class=\"mt-pl\"><span class=\"color-silver-light mt-pl-d\">12 de abril de 2023<\/span><\/small><\/div><div class=\"clearfix\"><\/div><\/div><div class=\"poster-small  \"><a class=\"poster-image mt-radius pull-left\" href=\"https:\/\/insurancecorp.com.br\/pt\/2020\/09\/19\/dive-in-festival-no-brasil\/\"><div class=\"mt-post-image\" ><div class=\"mt-post-image-background\" style=\"background-image:url(https:\/\/insurancecorp.com.br\/pt\/wp-content\/uploads\/2020\/09\/1-31-15x5.jpg);\"><\/div><img src=\"data:image\/gif;base64,R0lGODlhAQABAIAAAAAAAP\/\/\/yH5BAEAAAAALAAAAAABAAEAAAIBRAA7\"  alt=\"Dive In Festival no Brasil\"  data-src=\"https:\/\/insurancecorp.com.br\/pt\/wp-content\/uploads\/2020\/09\/1-31-150x150.jpg\" \/><\/div><\/a><div class=\"poster-text\"><a href=\"https:\/\/insurancecorp.com.br\/pt\/2020\/09\/19\/dive-in-festival-no-brasil\/\"><h4>Dive In Festival no Brasil<\/h4><\/a><small class=\"mt-pl\"><span class=\"color-silver-light mt-pl-d\">19 de setembro de 2020<\/span><\/small><\/div><div class=\"clearfix\"><\/div><\/div><div class=\"poster-small  \"><a class=\"poster-image mt-radius pull-left\" href=\"https:\/\/insurancecorp.com.br\/pt\/2020\/09\/09\/corretores-conectados-para-vencer\/\"><div class=\"mt-post-image\" ><div class=\"mt-post-image-background\" style=\"background-image:url(https:\/\/insurancecorp.com.br\/pt\/wp-content\/uploads\/2020\/09\/Foto-2-4-15x11.jpg);\"><\/div><img src=\"data:image\/gif;base64,R0lGODlhAQABAIAAAAAAAP\/\/\/yH5BAEAAAAALAAAAAABAAEAAAIBRAA7\"  alt=\"Corretores Conectados para vencer*\"  data-src=\"https:\/\/insurancecorp.com.br\/pt\/wp-content\/uploads\/2020\/09\/Foto-2-4-150x150.jpg\" \/><\/div><\/a><div class=\"poster-text\"><a href=\"https:\/\/insurancecorp.com.br\/pt\/2020\/09\/09\/corretores-conectados-para-vencer\/\"><h4>Corretores Conectados para vencer*<\/h4><\/a><small class=\"mt-pl\"><span class=\"color-silver-light mt-pl-d\">9 de setembro de 2020<\/span><\/small><\/div><div class=\"clearfix\"><\/div><\/div><div class=\"poster-small  \"><a class=\"poster-image mt-radius pull-left\" href=\"https:\/\/insurancecorp.com.br\/pt\/2020\/09\/29\/qualicorp-promove-live-sobre-diversidade-e-valorizacao-humana\/\"><div class=\"mt-post-image\" ><div class=\"mt-post-image-background\" style=\"background-image:url(https:\/\/insurancecorp.com.br\/pt\/wp-content\/uploads\/2020\/09\/agro-3-15x8.png);\"><\/div><img src=\"data:image\/gif;base64,R0lGODlhAQABAIAAAAAAAP\/\/\/yH5BAEAAAAALAAAAAABAAEAAAIBRAA7\"  alt=\"Qualicorp promove live sobre diversidade e valoriza\u00e7\u00e3o humana\"  data-src=\"https:\/\/insurancecorp.com.br\/pt\/wp-content\/uploads\/2020\/09\/agro-3-150x150.png\" \/><\/div><\/a><div class=\"poster-text\"><a href=\"https:\/\/insurancecorp.com.br\/pt\/2020\/09\/29\/qualicorp-promove-live-sobre-diversidade-e-valorizacao-humana\/\"><h4>Qualicorp promove live sobre diversidade e valoriza\u00e7\u00e3o humana<\/h4><\/a><small class=\"mt-pl\"><span class=\"color-silver-light mt-pl-d\">29 de setembro de 2020<\/span><\/small><\/div><div class=\"clearfix\"><\/div><\/div><\/div><div class=\"pagination\"><span aria-current=\"page\" class=\"page-numbers current\">1<\/span>\n<a class=\"page-numbers\" href=\"https:\/\/insurancecorp.com.br\/pt\/wp-json\/wp\/v2\/pages\/909\/?paged=2\">2<\/a>\n<a class=\"page-numbers\" href=\"https:\/\/insurancecorp.com.br\/pt\/wp-json\/wp\/v2\/pages\/909\/?paged=3\">3<\/a>\n<span class=\"page-numbers dots\">&hellip;<\/span>\n<a class=\"page-numbers\" href=\"https:\/\/insurancecorp.com.br\/pt\/wp-json\/wp\/v2\/pages\/909\/?paged=3816\">3.816<\/a>\n<a class=\"next page-numbers\" href=\"https:\/\/insurancecorp.com.br\/pt\/wp-json\/wp\/v2\/pages\/909\/?paged=2\"><span><\/span><\/a><\/div><\/div><div id=\"panel-909-1-1-2\" class=\"so-panel widget widget_space_widget\" data-index=\"7\" ><div class=\"clearfix\" style=\"height:10px\"><\/div><\/div><div id=\"panel-909-1-1-3\" class=\"widget_text so-panel widget widget_custom_html\" data-index=\"8\" ><div class=\"textwidget custom-html-widget\"><a target=\"_blank\" href=\"https:\/\/bitly.net\/3z3L9Lo\" rel=\"noopener noreferrer\">\n    <img src=\"https:\/\/i0.wp.com\/insurancecorp.com.br\/pt\/wp-content\/uploads\/2022\/07\/Suhai_bannerCorretor_300x250_2.jpeg?w=740&#038;ssl=1\" data-recalc-dims=\"1\">\n<\/a><\/div><\/div><div id=\"panel-909-1-1-4\" class=\"so-panel widget widget_space_widget\" data-index=\"9\" ><div class=\"clearfix\" style=\"height:10px\"><\/div><\/div><div id=\"panel-909-1-1-5\" class=\"widget_text so-panel widget widget_custom_html\" data-index=\"10\" ><div class=\"textwidget custom-html-widget\"><a target=\"_blank\" href=\"https:\/\/bit.ly\/4601OyE\" rel=\"noopener noreferrer\">\n    <img px\" height=\"auto\" src=\"https:\/\/i1.wp.com\/insurancecorp.com.br\/pt\/wp-content\/uploads\/2023\/09\/300x250_bradesco.png?w=300&#038;ssl=1\" data-recalc-dims=\"1\">\n<\/a><\/div><\/div><div id=\"panel-909-1-1-6\" class=\"so-panel widget widget_space_widget\" data-index=\"11\" ><div class=\"clearfix\" style=\"height:10px\"><\/div><\/div><div id=\"panel-909-1-1-7\" class=\"widget_text so-panel widget widget_custom_html panel-last-child\" data-index=\"12\" ><div class=\"textwidget custom-html-widget\"><a target=\"_blank\" href=\"https:\/\/bitly.net\/3sHglPi\" rel=\"noopener noreferrer\">\n    <img src=\"https:\/\/i2.wp.com\/insurancecorp.com.br\/pt\/wp-content\/uploads\/2021\/12\/banner_vida_pme_insurancecorp_a02.png?w=740&#038;ssl=1\" data-recalc-dims=\"1\">\n<\/a><\/div><\/div><\/div><\/div><\/div>","protected":false},"excerpt":{"rendered":"<p>Eventos Confira abaixo uma lista de eventos do mercado de seguros: Festa de fim de ano CVG-SP Data: 29 de novembro Local: Casa Bisutti Rua Casa do Ator, 577 &#8211; Vila Olimpia &#8211; S\u00e3o Paulo\/SP CVG-SP &#8211; MDRT Day Brazil Data: 25 de outubro Local: Teatro Maksoud Plaza R. S\u00e3o Carlos do Pinhal, 424 \u2013 [&hellip;]<\/p>\n","protected":false},"author":1,"featured_media":0,"parent":0,"menu_order":0,"comment_status":"closed","ping_status":"closed","template":"","meta":[],"yoast_head":"<!-- This site is optimized with the Yoast SEO plugin v14.8 - https:\/\/yoast.com\/wordpress\/plugins\/seo\/ -->\n<title>Revista Insurance Corp | Eventos do Mercado de Seguros<\/title>\n<meta name=\"description\" content=\"A Revista Insurance Corp \u00e9 uma publica\u00e7\u00e3o impressa, lan\u00e7ada no in\u00edcio de 2015. \u00c9 a \u00fanica revista bil\u00edngue voltada ao mercado de seguros.\" \/>\n<meta name=\"robots\" content=\"index, follow\" \/>\n<meta name=\"googlebot\" content=\"index, follow, max-snippet:-1, max-image-preview:large, max-video-preview:-1\" \/>\n<meta name=\"bingbot\" content=\"index, follow, max-snippet:-1, max-image-preview:large, max-video-preview:-1\" \/>\n<link rel=\"canonical\" href=\"https:\/\/insurancecorp.com.br\/pt\/eventos\/\" \/>\n<meta property=\"og:locale\" content=\"pt_BR\" \/>\n<meta property=\"og:type\" content=\"article\" \/>\n<meta property=\"og:title\" content=\"Revista Insurance Corp | Eventos do Mercado de Seguros\" \/>\n<meta property=\"og:description\" content=\"A Revista Insurance Corp \u00e9 uma publica\u00e7\u00e3o impressa, lan\u00e7ada no in\u00edcio de 2015. \u00c9 a \u00fanica revista bil\u00edngue voltada ao mercado de seguros.\" \/>\n<meta property=\"og:url\" content=\"https:\/\/insurancecorp.com.br\/pt\/eventos\/\" \/>\n<meta property=\"og:site_name\" content=\"Revista Insurance Corp | PT-BR\" \/>\n<meta property=\"article:publisher\" content=\"https:\/\/www.facebook.com\/RevistaInsuranceCorp\/\" \/>\n<meta property=\"article:modified_time\" content=\"2023-09-12T15:45:48+00:00\" \/>\n<meta name=\"twitter:card\" content=\"summary\" \/>\n<script type=\"application\/ld+json\" class=\"yoast-schema-graph\">{\"@context\":\"https:\/\/schema.org\",\"@graph\":[{\"@type\":\"Organization\",\"@id\":\"https:\/\/insurancecorp.com.br\/pt\/#organization\",\"name\":\"Revista Insurance Corp\",\"url\":\"https:\/\/insurancecorp.com.br\/pt\/\",\"sameAs\":[\"https:\/\/www.facebook.com\/RevistaInsuranceCorp\/\"],\"logo\":{\"@type\":\"ImageObject\",\"@id\":\"https:\/\/insurancecorp.com.br\/pt\/#logo\",\"inLanguage\":\"pt-BR\",\"url\":\"\",\"caption\":\"Revista Insurance Corp\"},\"image\":{\"@id\":\"https:\/\/insurancecorp.com.br\/pt\/#logo\"}},{\"@type\":\"WebSite\",\"@id\":\"https:\/\/insurancecorp.com.br\/pt\/#website\",\"url\":\"https:\/\/insurancecorp.com.br\/pt\/\",\"name\":\"Revista Insurance Corp | PT-BR\",\"description\":\"A \\u00fanica revista bil\\u00edngue voltada ao mercado de seguro.\",\"publisher\":{\"@id\":\"https:\/\/insurancecorp.com.br\/pt\/#organization\"},\"potentialAction\":[{\"@type\":\"SearchAction\",\"target\":\"https:\/\/insurancecorp.com.br\/pt\/?s={search_term_string}\",\"query-input\":\"required name=search_term_string\"}],\"inLanguage\":\"pt-BR\"},{\"@type\":\"WebPage\",\"@id\":\"https:\/\/insurancecorp.com.br\/pt\/eventos\/#webpage\",\"url\":\"https:\/\/insurancecorp.com.br\/pt\/eventos\/\",\"name\":\"Revista Insurance Corp | Eventos do Mercado de Seguros\",\"isPartOf\":{\"@id\":\"https:\/\/insurancecorp.com.br\/pt\/#website\"},\"datePublished\":\"2017-07-12T22:27:10+00:00\",\"dateModified\":\"2023-09-12T15:45:48+00:00\",\"description\":\"A Revista Insurance Corp \\u00e9 uma publica\\u00e7\\u00e3o impressa, lan\\u00e7ada no in\\u00edcio de 2015. \\u00c9 a \\u00fanica revista bil\\u00edngue voltada ao mercado de seguros.\",\"inLanguage\":\"pt-BR\",\"potentialAction\":[{\"@type\":\"ReadAction\",\"target\":[\"https:\/\/insurancecorp.com.br\/pt\/eventos\/\"]}]}]}<\/script>\n<!-- \/ Yoast SEO plugin. -->","_links":{"self":[{"href":"https:\/\/insurancecorp.com.br\/pt\/wp-json\/wp\/v2\/pages\/909"}],"collection":[{"href":"https:\/\/insurancecorp.com.br\/pt\/wp-json\/wp\/v2\/pages"}],"about":[{"href":"https:\/\/insurancecorp.com.br\/pt\/wp-json\/wp\/v2\/types\/page"}],"author":[{"embeddable":true,"href":"https:\/\/insurancecorp.com.br\/pt\/wp-json\/wp\/v2\/users\/1"}],"replies":[{"embeddable":true,"href":"https:\/\/insurancecorp.com.br\/pt\/wp-json\/wp\/v2\/comments?post=909"}],"version-history":[{"count":147,"href":"https:\/\/insurancecorp.com.br\/pt\/wp-json\/wp\/v2\/pages\/909\/revisions"}],"predecessor-version":[{"id":46544,"href":"https:\/\/insurancecorp.com.br\/pt\/wp-json\/wp\/v2\/pages\/909\/revisions\/46544"}],"wp:attachment":[{"href":"https:\/\/insurancecorp.com.br\/pt\/wp-json\/wp\/v2\/media?parent=909"}],"curies":[{"name":"wp","href":"https:\/\/api.w.org\/{rel}","templated":true}]}}