{"id":885,"date":"2017-07-11T14:38:42","date_gmt":"2017-07-11T17:38:42","guid":{"rendered":"https:\/\/insurancecorp.com.br\/pt\/?page_id=885"},"modified":"2026-04-15T20:45:56","modified_gmt":"2026-04-15T23:45:56","slug":"mais-lidas","status":"publish","type":"page","link":"https:\/\/insurancecorp.com.br\/pt\/mais-lidas\/","title":{"rendered":"Mais Lidas"},"content":{"rendered":"<div id=\"pl-885\"  class=\"panel-layout\" ><div id=\"pg-885-0\"  class=\"panel-grid panel-no-style\" ><div id=\"pgc-885-0-0\"  class=\"panel-grid-cell\" ><div id=\"panel-885-0-0-0\" class=\"so-panel widget widget_space_widget panel-first-child panel-last-child\" data-index=\"0\" ><div class=\"clearfix\" style=\"height:10px\"><\/div><\/div><\/div><\/div><div id=\"pg-885-1\"  class=\"panel-grid panel-no-style\" ><div id=\"pgc-885-1-0\"  class=\"panel-grid-cell\" ><div id=\"panel-885-1-0-0\" class=\"so-panel widget widget_posts_widget panel-first-child panel-last-child\" data-index=\"1\" ><h2 class=\"heading heading-left\"><span>Mais Lidas<\/span><\/h2><div><div class=\"poster normal   size-350\"><a class=\"poster-image mt-radius pull-left\" href=\"https:\/\/insurancecorp.com.br\/pt\/2023\/04\/12\/zvconsultoriacafedamanha\/\"><div class=\"mt-post-image\" ><div class=\"mt-post-image-background\" style=\"background-image:url(https:\/\/insurancecorp.com.br\/pt\/wp-content\/uploads\/2023\/04\/1-33-15x21.jpg);\"><\/div><img alt=\"ZV Consultoria e Olivier recebem convidados para um caf\u00e9 da manh\u00e3 em S\u00e3o Paulo\" class=\"lazy\" src=\"data:image\/gif;base64,R0lGODlhAQABAIAAAAAAAP\/\/\/yH5BAEAAAAALAAAAAABAAEAAAIBRAA7\" data-src=\"https:\/\/insurancecorp.com.br\/pt\/wp-content\/uploads\/2023\/04\/1-33-389x550.jpg\" width=\"550\" height=\"550\" \/><\/div><span class=\"post-icon mt-theme-background\"><i class=\"ic-open open\"><\/i><\/span><div class=\"poster-info\"><div class=\"poster-cat\"><span class=\"mt-theme-text\">Eventos<\/span><\/div><div class=\"poster-data color-silver-light\"><span class=\"poster-views\">88749 <span class=\"mt-data-text\">Vizualiza\u00e7\u00f5es<\/span><\/span><span class=\"poster-comments\">2<\/span><\/div><\/div><\/a><div class=\"poster-content\"><div class=\"poster-cat\"><span class=\"mt-theme-text\">Eventos<\/span><\/div><div class=\"poster-data color-silver-light\"><span class=\"poster-views\">88749 <span class=\"mt-data-text\">Vizualiza\u00e7\u00f5es<\/span><\/span><span class=\"poster-comments\">2<\/span><\/div><a href=\"https:\/\/insurancecorp.com.br\/pt\/2023\/04\/12\/zvconsultoriacafedamanha\/\"><h2>ZV Consultoria e Olivier recebem convidados para um caf\u00e9 da manh\u00e3 em S\u00e3o Paulo<\/h2><\/a><small class=\"mt-pl\"><strong class=\"mt-pl-a\">Publica\u00e7\u00e3o<\/strong><span class=\"color-silver-light mt-ml\"> - <\/span><span class=\"color-silver-light mt-pl-d\">12 de abril de 2023<\/span><\/small><p>Dia 19 de abril Olivier Anquier receber\u00e1 convidados pessoalmente,\u00a0 para um caf\u00e9 da manh\u00e3 com direito a croissants e brioches para apresentar o\u00a0 Esther \"La Plage,\" o&hellip;<\/p><div class=\"hidden mt-readmore\"><a class=\"mt-readmore-url\" href=\"https:\/\/insurancecorp.com.br\/pt\/2023\/04\/12\/zvconsultoriacafedamanha\/\">Visualiza\u00e7\u00f5es<\/a><\/div><\/div><div class=\"clearfix\"><\/div><\/div><div class=\"poster normal   size-350\"><a class=\"poster-image mt-radius pull-left\" href=\"https:\/\/insurancecorp.com.br\/pt\/2020\/09\/19\/dive-in-festival-no-brasil\/\"><div class=\"mt-post-image\" ><div class=\"mt-post-image-background\" style=\"background-image:url(https:\/\/insurancecorp.com.br\/pt\/wp-content\/uploads\/2020\/09\/1-31-15x5.jpg);\"><\/div><img alt=\"Dive In Festival no Brasil\" class=\"lazy\" src=\"data:image\/gif;base64,R0lGODlhAQABAIAAAAAAAP\/\/\/yH5BAEAAAAALAAAAAABAAEAAAIBRAA7\" data-src=\"https:\/\/insurancecorp.com.br\/pt\/wp-content\/uploads\/2020\/09\/1-31-550x195.jpg\" width=\"550\" height=\"550\" \/><\/div><span class=\"post-icon mt-theme-background\"><i class=\"ic-open open\"><\/i><\/span><div class=\"poster-info\"><div class=\"poster-cat\"><span class=\"mt-theme-text\">Eventos<\/span><\/div><div class=\"poster-data color-silver-light\"><span class=\"poster-views\">80850 <span class=\"mt-data-text\">Vizualiza\u00e7\u00f5es<\/span><\/span><span class=\"poster-comments\">1<\/span><\/div><\/div><\/a><div class=\"poster-content\"><div class=\"poster-cat\"><span class=\"mt-theme-text\">Eventos<\/span><\/div><div class=\"poster-data color-silver-light\"><span class=\"poster-views\">80850 <span class=\"mt-data-text\">Vizualiza\u00e7\u00f5es<\/span><\/span><span class=\"poster-comments\">1<\/span><\/div><a href=\"https:\/\/insurancecorp.com.br\/pt\/2020\/09\/19\/dive-in-festival-no-brasil\/\"><h2>Dive In Festival no Brasil<\/h2><\/a><small class=\"mt-pl\"><strong class=\"mt-pl-a\">Publica\u00e7\u00e3o<\/strong><span class=\"color-silver-light mt-ml\"> - <\/span><span class=\"color-silver-light mt-pl-d\">19 de setembro de 2020<\/span><\/small><p>O festival de diversidade e inclus\u00e3o em seguros, Dive in Festival, acontecer\u00e1 em todo mundo de 22 a 24 de setembro de 2020. Em reconhecimento \u00e0s novas&hellip;<\/p><div class=\"hidden mt-readmore\"><a class=\"mt-readmore-url\" href=\"https:\/\/insurancecorp.com.br\/pt\/2020\/09\/19\/dive-in-festival-no-brasil\/\">Visualiza\u00e7\u00f5es<\/a><\/div><\/div><div class=\"clearfix\"><\/div><\/div><div class=\"poster normal   size-350\"><a class=\"poster-image mt-radius pull-left\" href=\"https:\/\/insurancecorp.com.br\/pt\/2020\/09\/09\/corretores-conectados-para-vencer\/\"><div class=\"mt-post-image\" ><div class=\"mt-post-image-background\" style=\"background-image:url(https:\/\/insurancecorp.com.br\/pt\/wp-content\/uploads\/2020\/09\/Foto-2-4-15x11.jpg);\"><\/div><img alt=\"Corretores Conectados para vencer*\" class=\"lazy\" src=\"data:image\/gif;base64,R0lGODlhAQABAIAAAAAAAP\/\/\/yH5BAEAAAAALAAAAAABAAEAAAIBRAA7\" data-src=\"https:\/\/insurancecorp.com.br\/pt\/wp-content\/uploads\/2020\/09\/Foto-2-4-550x402.jpg\" width=\"550\" height=\"550\" \/><\/div><span class=\"post-icon mt-theme-background\"><i class=\"ic-open open\"><\/i><\/span><div class=\"poster-info\"><div class=\"poster-cat\"><span class=\"mt-theme-text\">Eventos<\/span><\/div><div class=\"poster-data color-silver-light\"><span class=\"poster-views\">70631 <span class=\"mt-data-text\">Vizualiza\u00e7\u00f5es<\/span><\/span><\/div><\/div><\/a><div class=\"poster-content\"><div class=\"poster-cat\"><span class=\"mt-theme-text\">Eventos<\/span><\/div><div class=\"poster-data color-silver-light\"><span class=\"poster-views\">70631 <span class=\"mt-data-text\">Vizualiza\u00e7\u00f5es<\/span><\/span><\/div><a href=\"https:\/\/insurancecorp.com.br\/pt\/2020\/09\/09\/corretores-conectados-para-vencer\/\"><h2>Corretores Conectados para vencer*<\/h2><\/a><small class=\"mt-pl\"><strong class=\"mt-pl-a\">Publica\u00e7\u00e3o<\/strong><span class=\"color-silver-light mt-ml\"> - <\/span><span class=\"color-silver-light mt-pl-d\">9 de setembro de 2020<\/span><\/small><p>Durante a programa\u00e7\u00e3o do CCS-RJ CONNECTION 2020, evento que promoveu o di\u00e1logo entre os grupos que atuam no mercado segurador brasileiro, muitos corretores relembraram, em situa\u00e7\u00f5es distintas,&hellip;<\/p><div class=\"hidden mt-readmore\"><a class=\"mt-readmore-url\" href=\"https:\/\/insurancecorp.com.br\/pt\/2020\/09\/09\/corretores-conectados-para-vencer\/\">Visualiza\u00e7\u00f5es<\/a><\/div><\/div><div class=\"clearfix\"><\/div><\/div><div class=\"poster normal   size-350\"><a class=\"poster-image mt-radius pull-left\" href=\"https:\/\/insurancecorp.com.br\/pt\/2020\/09\/29\/qualicorp-promove-live-sobre-diversidade-e-valorizacao-humana\/\"><div class=\"mt-post-image\" ><div class=\"mt-post-image-background\" style=\"background-image:url(https:\/\/insurancecorp.com.br\/pt\/wp-content\/uploads\/2020\/09\/agro-3-15x8.png);\"><\/div><img alt=\"Qualicorp promove live sobre diversidade e valoriza\u00e7\u00e3o humana\" class=\"lazy\" src=\"data:image\/gif;base64,R0lGODlhAQABAIAAAAAAAP\/\/\/yH5BAEAAAAALAAAAAABAAEAAAIBRAA7\" data-src=\"https:\/\/insurancecorp.com.br\/pt\/wp-content\/uploads\/2020\/09\/agro-3.png\" width=\"550\" height=\"550\" \/><\/div><span class=\"post-icon mt-theme-background\"><i class=\"ic-open open\"><\/i><\/span><div class=\"poster-info\"><div class=\"poster-cat\"><span class=\"mt-theme-text\">Qualicorp<\/span><\/div><div class=\"poster-data color-silver-light\"><span class=\"poster-views\">49789 <span class=\"mt-data-text\">Vizualiza\u00e7\u00f5es<\/span><\/span><\/div><\/div><\/a><div class=\"poster-content\"><div class=\"poster-cat\"><span class=\"mt-theme-text\">Qualicorp<\/span><\/div><div class=\"poster-data color-silver-light\"><span class=\"poster-views\">49789 <span class=\"mt-data-text\">Vizualiza\u00e7\u00f5es<\/span><\/span><\/div><a href=\"https:\/\/insurancecorp.com.br\/pt\/2020\/09\/29\/qualicorp-promove-live-sobre-diversidade-e-valorizacao-humana\/\"><h2>Qualicorp promove live sobre diversidade e valoriza\u00e7\u00e3o humana<\/h2><\/a><small class=\"mt-pl\"><strong class=\"mt-pl-a\">Publica\u00e7\u00e3o<\/strong><span class=\"color-silver-light mt-ml\"> - <\/span><span class=\"color-silver-light mt-pl-d\">29 de setembro de 2020<\/span><\/small><p>Associar cores aos meses tem sido uma importante ferramenta para conscientizar a popula\u00e7\u00e3o sobre temas ligados \u00e0 sa\u00fade. E para endossar ainda mais essas campanhas, a Qualicorp,&hellip;<\/p><div class=\"hidden mt-readmore\"><a class=\"mt-readmore-url\" href=\"https:\/\/insurancecorp.com.br\/pt\/2020\/09\/29\/qualicorp-promove-live-sobre-diversidade-e-valorizacao-humana\/\">Visualiza\u00e7\u00f5es<\/a><\/div><\/div><div class=\"clearfix\"><\/div><\/div><div class=\"poster normal   size-350\"><a class=\"poster-image mt-radius pull-left\" href=\"https:\/\/insurancecorp.com.br\/pt\/2024\/06\/25\/medidas-para-garantir-o-sucesso-e-a-seguranca-do-seu-evento\/\"><div class=\"mt-post-image\" ><div class=\"mt-post-image-background\" style=\"background-image:url(https:\/\/insurancecorp.com.br\/pt\/wp-content\/uploads\/2024\/06\/51d1e0a076afb1dd44d1589f79b421cc-15x10.jpeg);\"><\/div><img alt=\"Medidas para garantir o sucesso e a seguran\u00e7a do seu evento\" class=\"lazy\" src=\"data:image\/gif;base64,R0lGODlhAQABAIAAAAAAAP\/\/\/yH5BAEAAAAALAAAAAABAAEAAAIBRAA7\" data-src=\"https:\/\/insurancecorp.com.br\/pt\/wp-content\/uploads\/2024\/06\/51d1e0a076afb1dd44d1589f79b421cc-550x367.jpeg\" width=\"550\" height=\"550\" \/><\/div><span class=\"post-icon mt-theme-background\"><i class=\"ic-open open\"><\/i><\/span><div class=\"poster-info\"><div class=\"poster-cat\"><span class=\"mt-theme-text\">Eventos<\/span><\/div><div class=\"poster-data color-silver-light\"><span class=\"poster-views\">48544 <span class=\"mt-data-text\">Vizualiza\u00e7\u00f5es<\/span><\/span><\/div><\/div><\/a><div class=\"poster-content\"><div class=\"poster-cat\"><span class=\"mt-theme-text\">Eventos<\/span><\/div><div class=\"poster-data color-silver-light\"><span class=\"poster-views\">48544 <span class=\"mt-data-text\">Vizualiza\u00e7\u00f5es<\/span><\/span><\/div><a href=\"https:\/\/insurancecorp.com.br\/pt\/2024\/06\/25\/medidas-para-garantir-o-sucesso-e-a-seguranca-do-seu-evento\/\"><h2>Medidas para garantir o sucesso e a seguran\u00e7a do seu evento<\/h2><\/a><small class=\"mt-pl\"><strong class=\"mt-pl-a\">Publica\u00e7\u00e3o<\/strong><span class=\"color-silver-light mt-ml\"> - <\/span><span class=\"color-silver-light mt-pl-d\">25 de junho de 2024<\/span><\/small><p>Organizar um evento bem-sucedido vai muito al\u00e9m de escolher o local e o catering, envolve garantir a seguran\u00e7a e o bem-estar de todos os participantes. Durante os&hellip;<\/p><div class=\"hidden mt-readmore\"><a class=\"mt-readmore-url\" href=\"https:\/\/insurancecorp.com.br\/pt\/2024\/06\/25\/medidas-para-garantir-o-sucesso-e-a-seguranca-do-seu-evento\/\">Visualiza\u00e7\u00f5es<\/a><\/div><\/div><div class=\"clearfix\"><\/div><\/div><div class=\"poster normal   size-350\"><a class=\"poster-image mt-radius pull-left\" href=\"https:\/\/insurancecorp.com.br\/pt\/2024\/03\/27\/conduta-plus-e-a-corretora-de-seguros-oficial-da-conferencia-bni-brasil-2024\/\"><div class=\"mt-post-image\" ><div class=\"mt-post-image-background\" style=\"background-image:url(https:\/\/insurancecorp.com.br\/pt\/wp-content\/uploads\/2024\/03\/Mauricio-Vinhao-e-Head-de-Sales-Client-Management-da-WTW-no-Brasil-27-1-15x8.jpg);\"><\/div><img alt=\"Conduta Plus \u00e9 a Corretora de Seguros oficial da Confer\u00eancia BNI Brasil 2024\" class=\"lazy\" src=\"data:image\/gif;base64,R0lGODlhAQABAIAAAAAAAP\/\/\/yH5BAEAAAAALAAAAAABAAEAAAIBRAA7\" data-src=\"https:\/\/insurancecorp.com.br\/pt\/wp-content\/uploads\/2024\/03\/Mauricio-Vinhao-e-Head-de-Sales-Client-Management-da-WTW-no-Brasil-27-1-550x302.jpg\" width=\"550\" height=\"550\" \/><\/div><span class=\"post-icon mt-theme-background\"><i class=\"ic-open open\"><\/i><\/span><div class=\"poster-info\"><div class=\"poster-cat\"><span class=\"mt-theme-text\">Eventos<\/span><\/div><div class=\"poster-data color-silver-light\"><span class=\"poster-views\">47083 <span class=\"mt-data-text\">Vizualiza\u00e7\u00f5es<\/span><\/span><\/div><\/div><\/a><div class=\"poster-content\"><div class=\"poster-cat\"><span class=\"mt-theme-text\">Eventos<\/span><\/div><div class=\"poster-data color-silver-light\"><span class=\"poster-views\">47083 <span class=\"mt-data-text\">Vizualiza\u00e7\u00f5es<\/span><\/span><\/div><a href=\"https:\/\/insurancecorp.com.br\/pt\/2024\/03\/27\/conduta-plus-e-a-corretora-de-seguros-oficial-da-conferencia-bni-brasil-2024\/\"><h2>Conduta Plus \u00e9 a Corretora de Seguros oficial da Confer\u00eancia BNI Brasil 2024<\/h2><\/a><small class=\"mt-pl\"><strong class=\"mt-pl-a\">Publica\u00e7\u00e3o<\/strong><span class=\"color-silver-light mt-ml\"> - <\/span><span class=\"color-silver-light mt-pl-d\">27 de mar\u00e7o de 2024<\/span><\/small><p>A Conduta Plus \u00e9 a respons\u00e1vel pelo Seguro de Responsabilidade Civil Eventos (RC Eventos) da Confer\u00eancia BNI 2024, que ocorre pela primeira vez no interior de S\u00e3o&hellip;<\/p><div class=\"hidden mt-readmore\"><a class=\"mt-readmore-url\" href=\"https:\/\/insurancecorp.com.br\/pt\/2024\/03\/27\/conduta-plus-e-a-corretora-de-seguros-oficial-da-conferencia-bni-brasil-2024\/\">Visualiza\u00e7\u00f5es<\/a><\/div><\/div><div class=\"clearfix\"><\/div><\/div><div class=\"poster normal   size-350\"><a class=\"poster-image mt-radius pull-left\" href=\"https:\/\/insurancecorp.com.br\/pt\/2020\/08\/10\/mitsui-seguros-reune-mais-de-350-parceiros-em-evento-virtual\/\"><div class=\"mt-post-image\" ><div class=\"mt-post-image-background\" style=\"background-image:url(https:\/\/insurancecorp.com.br\/pt\/wp-content\/uploads\/2020\/08\/WhatsApp-Image-2019-03-29-at-13.18.20-1-15x8.jpeg);\"><\/div><img alt=\"Mitsui Seguros re\u00fane mais de 350 parceiros  em evento virtual\" class=\"lazy\" src=\"data:image\/gif;base64,R0lGODlhAQABAIAAAAAAAP\/\/\/yH5BAEAAAAALAAAAAABAAEAAAIBRAA7\" data-src=\"https:\/\/insurancecorp.com.br\/pt\/wp-content\/uploads\/2020\/08\/WhatsApp-Image-2019-03-29-at-13.18.20-1-550x309.jpeg\" width=\"550\" height=\"550\" \/><\/div><span class=\"post-icon mt-theme-background\"><i class=\"ic-open open\"><\/i><\/span><div class=\"poster-info\"><div class=\"poster-cat\"><span class=\"mt-theme-text\">Eventos<\/span><\/div><div class=\"poster-data color-silver-light\"><span class=\"poster-views\">37989 <span class=\"mt-data-text\">Vizualiza\u00e7\u00f5es<\/span><\/span><\/div><\/div><\/a><div class=\"poster-content\"><div class=\"poster-cat\"><span class=\"mt-theme-text\">Eventos<\/span><\/div><div class=\"poster-data color-silver-light\"><span class=\"poster-views\">37989 <span class=\"mt-data-text\">Vizualiza\u00e7\u00f5es<\/span><\/span><\/div><a href=\"https:\/\/insurancecorp.com.br\/pt\/2020\/08\/10\/mitsui-seguros-reune-mais-de-350-parceiros-em-evento-virtual\/\"><h2>Mitsui Seguros re\u00fane mais de 350 parceiros  em evento virtual<\/h2><\/a><small class=\"mt-pl\"><strong class=\"mt-pl-a\">Publica\u00e7\u00e3o<\/strong><span class=\"color-silver-light mt-ml\"> - <\/span><span class=\"color-silver-light mt-pl-d\">10 de agosto de 2020<\/span><\/small><p>Com o objetivo da Companhia se aproximar ainda mais de seus clientes, mesmo que distantes fisicamente, a Mitsui Sumitomo Seguros reuniu no dia 06 de agosto, em&hellip;<\/p><div class=\"hidden mt-readmore\"><a class=\"mt-readmore-url\" href=\"https:\/\/insurancecorp.com.br\/pt\/2020\/08\/10\/mitsui-seguros-reune-mais-de-350-parceiros-em-evento-virtual\/\">Visualiza\u00e7\u00f5es<\/a><\/div><\/div><div class=\"clearfix\"><\/div><\/div><div class=\"poster normal   size-350\"><a class=\"poster-image mt-radius pull-left\" href=\"https:\/\/insurancecorp.com.br\/pt\/2020\/02\/25\/contabilizei-e-segfy-realizam-evento-para-corretores\/\"><div class=\"mt-post-image\" ><div class=\"mt-post-image-background\" style=\"background-image:url(https:\/\/insurancecorp.com.br\/pt\/wp-content\/uploads\/2020\/02\/IMG_20191012_103123017_HDR-15x11.jpg);\"><\/div><img alt=\"Contabilizei e Segfy realizam evento para corretores\" class=\"lazy\" src=\"data:image\/gif;base64,R0lGODlhAQABAIAAAAAAAP\/\/\/yH5BAEAAAAALAAAAAABAAEAAAIBRAA7\" data-src=\"https:\/\/insurancecorp.com.br\/pt\/wp-content\/uploads\/2020\/02\/IMG_20191012_103123017_HDR-550x412.jpg\" width=\"550\" height=\"550\" \/><\/div><span class=\"post-icon mt-theme-background\"><i class=\"ic-open open\"><\/i><\/span><div class=\"poster-info\"><div class=\"poster-cat\"><span class=\"mt-theme-text\">Eventos<\/span><\/div><div class=\"poster-data color-silver-light\"><span class=\"poster-views\">31538 <span class=\"mt-data-text\">Vizualiza\u00e7\u00f5es<\/span><\/span><\/div><\/div><\/a><div class=\"poster-content\"><div class=\"poster-cat\"><span class=\"mt-theme-text\">Eventos<\/span><\/div><div class=\"poster-data color-silver-light\"><span class=\"poster-views\">31538 <span class=\"mt-data-text\">Vizualiza\u00e7\u00f5es<\/span><\/span><\/div><a href=\"https:\/\/insurancecorp.com.br\/pt\/2020\/02\/25\/contabilizei-e-segfy-realizam-evento-para-corretores\/\"><h2>Contabilizei e Segfy realizam evento para corretores<\/h2><\/a><small class=\"mt-pl\"><strong class=\"mt-pl-a\">Publica\u00e7\u00e3o<\/strong><span class=\"color-silver-light mt-ml\"> - <\/span><span class=\"color-silver-light mt-pl-d\">25 de fevereiro de 2020<\/span><\/small><p>No dia 05 de mar\u00e7o, a Contabilizei, escrit\u00f3rio de contabilidade do pa\u00eds e pioneiro em oferecer os servi\u00e7os online, em parceria com a Segfy, um das top&hellip;<\/p><div class=\"hidden mt-readmore\"><a class=\"mt-readmore-url\" href=\"https:\/\/insurancecorp.com.br\/pt\/2020\/02\/25\/contabilizei-e-segfy-realizam-evento-para-corretores\/\">Visualiza\u00e7\u00f5es<\/a><\/div><\/div><div class=\"clearfix\"><\/div><\/div><div class=\"poster normal   size-350\"><a class=\"poster-image mt-radius pull-left\" href=\"https:\/\/insurancecorp.com.br\/pt\/2018\/09\/19\/corretora-euroamerica-promove-workshop-seguro-garantia-administrativo-creditos-tributarios-icms-e-seguro-garantia-judicial-para-fluxo-de-caixa-das-empresas\/\"><div class=\"mt-post-image\" ><div class=\"mt-post-image-background\" style=\"background-image:url(https:\/\/insurancecorp.com.br\/pt\/wp-content\/uploads\/2018\/09\/J-Malucelli-15x11.jpg);\"><\/div><img alt=\"Corretora Euroamerica promove workshop \u201cSeguro Garantia, Administrativo, Cr\u00e9ditos Tribut\u00e1rios (ICMS) e Seguro Garantia Judicial, para fluxo de caixa das empresas.\u201d\" class=\"lazy\" src=\"data:image\/gif;base64,R0lGODlhAQABAIAAAAAAAP\/\/\/yH5BAEAAAAALAAAAAABAAEAAAIBRAA7\" data-src=\"https:\/\/insurancecorp.com.br\/pt\/wp-content\/uploads\/2018\/09\/J-Malucelli-550x387.jpg\" width=\"550\" height=\"550\" \/><\/div><span class=\"post-icon mt-theme-background\"><i class=\"ic-open open\"><\/i><\/span><div class=\"poster-info\"><div class=\"poster-cat\"><span class=\"mt-theme-text\">Eventos<\/span><\/div><div class=\"poster-data color-silver-light\"><span class=\"poster-views\">17983 <span class=\"mt-data-text\">Vizualiza\u00e7\u00f5es<\/span><\/span><\/div><\/div><\/a><div class=\"poster-content\"><div class=\"poster-cat\"><span class=\"mt-theme-text\">Eventos<\/span><\/div><div class=\"poster-data color-silver-light\"><span class=\"poster-views\">17983 <span class=\"mt-data-text\">Vizualiza\u00e7\u00f5es<\/span><\/span><\/div><a href=\"https:\/\/insurancecorp.com.br\/pt\/2018\/09\/19\/corretora-euroamerica-promove-workshop-seguro-garantia-administrativo-creditos-tributarios-icms-e-seguro-garantia-judicial-para-fluxo-de-caixa-das-empresas\/\"><h2>Corretora Euroamerica promove workshop \u201cSeguro Garantia, Administrativo, Cr\u00e9ditos Tribut\u00e1rios (ICMS) e Seguro Garantia Judicial, para fluxo de caixa das empresas.\u201d<\/h2><\/a><small class=\"mt-pl\"><strong class=\"mt-pl-a\">Publica\u00e7\u00e3o<\/strong><span class=\"color-silver-light mt-ml\"> - <\/span><span class=\"color-silver-light mt-pl-d\">19 de setembro de 2018<\/span><\/small><p>Foto : da esquerda para direita -\u00a0\u00a0Sergio Hilgert, Andr\u00e9 W Vidigal ( Euroamerica), Alexandre Martucci ( J Malucelli). O evento \u00a0aconteceu no dia 14 de setembro e&hellip;<\/p><div class=\"hidden mt-readmore\"><a class=\"mt-readmore-url\" href=\"https:\/\/insurancecorp.com.br\/pt\/2018\/09\/19\/corretora-euroamerica-promove-workshop-seguro-garantia-administrativo-creditos-tributarios-icms-e-seguro-garantia-judicial-para-fluxo-de-caixa-das-empresas\/\">Visualiza\u00e7\u00f5es<\/a><\/div><\/div><div class=\"clearfix\"><\/div><\/div><div class=\"poster normal   size-350\"><a class=\"poster-image mt-radius pull-left\" href=\"https:\/\/insurancecorp.com.br\/pt\/2018\/09\/20\/csp-mg-e-fenasaude-debatem-desafios-da-saude-suplementar\/\"><div class=\"mt-post-image\" ><div class=\"mt-post-image-background\" style=\"background-image:url(https:\/\/insurancecorp.com.br\/pt\/wp-content\/uploads\/2018\/09\/Evento-MG-15x10.jpg);\"><\/div><img alt=\"CSP-MG e FenaSa\u00fade debatem desafios da sa\u00fade suplementar\" class=\"lazy\" src=\"data:image\/gif;base64,R0lGODlhAQABAIAAAAAAAP\/\/\/yH5BAEAAAAALAAAAAABAAEAAAIBRAA7\" data-src=\"https:\/\/insurancecorp.com.br\/pt\/wp-content\/uploads\/2018\/09\/Evento-MG-550x367.jpg\" width=\"550\" height=\"550\" \/><\/div><span class=\"post-icon mt-theme-background\"><i class=\"ic-open open\"><\/i><\/span><div class=\"poster-info\"><div class=\"poster-cat\"><span class=\"mt-theme-text\">Eventos<\/span><\/div><div class=\"poster-data color-silver-light\"><span class=\"poster-views\">17850 <span class=\"mt-data-text\">Vizualiza\u00e7\u00f5es<\/span><\/span><\/div><\/div><\/a><div class=\"poster-content\"><div class=\"poster-cat\"><span class=\"mt-theme-text\">Eventos<\/span><\/div><div class=\"poster-data color-silver-light\"><span class=\"poster-views\">17850 <span class=\"mt-data-text\">Vizualiza\u00e7\u00f5es<\/span><\/span><\/div><a href=\"https:\/\/insurancecorp.com.br\/pt\/2018\/09\/20\/csp-mg-e-fenasaude-debatem-desafios-da-saude-suplementar\/\"><h2>CSP-MG e FenaSa\u00fade debatem desafios da sa\u00fade suplementar<\/h2><\/a><small class=\"mt-pl\"><strong class=\"mt-pl-a\">Publica\u00e7\u00e3o<\/strong><span class=\"color-silver-light mt-ml\"> - <\/span><span class=\"color-silver-light mt-pl-d\">20 de setembro de 2018<\/span><\/small><p>Diretor executivo da Federa\u00e7\u00e3o aponta a escalada dos custos como principal problema do setor. O Clube de Seguros de Pessoas de Minas Gerais (CSP-MG) reuniu profissionais do&hellip;<\/p><div class=\"hidden mt-readmore\"><a class=\"mt-readmore-url\" href=\"https:\/\/insurancecorp.com.br\/pt\/2018\/09\/20\/csp-mg-e-fenasaude-debatem-desafios-da-saude-suplementar\/\">Visualiza\u00e7\u00f5es<\/a><\/div><\/div><div class=\"clearfix\"><\/div><\/div><\/div><div class=\"pagination\"><span aria-current=\"page\" class=\"page-numbers current\">1<\/span>\n<a class=\"page-numbers\" href=\"https:\/\/insurancecorp.com.br\/pt\/wp-json\/wp\/v2\/pages\/885\/?paged=2\">2<\/a>\n<a class=\"page-numbers\" href=\"https:\/\/insurancecorp.com.br\/pt\/wp-json\/wp\/v2\/pages\/885\/?paged=3\">3<\/a>\n<span class=\"page-numbers dots\">&hellip;<\/span>\n<a class=\"page-numbers\" href=\"https:\/\/insurancecorp.com.br\/pt\/wp-json\/wp\/v2\/pages\/885\/?paged=1527\">1.527<\/a>\n<a class=\"next page-numbers\" href=\"https:\/\/insurancecorp.com.br\/pt\/wp-json\/wp\/v2\/pages\/885\/?paged=2\"><span><\/span><\/a><\/div><\/div><\/div><div id=\"pgc-885-1-1\"  class=\"panel-grid-cell\" ><div id=\"panel-885-1-1-0\" class=\"widget_text so-panel widget widget_custom_html panel-first-child\" data-index=\"2\" ><div class=\"textwidget custom-html-widget\"><style>\n\n\t.stat-views, .poster-data {\n\t\tdisplay: none !important;\n\t}\n\t\n<\/style><\/div><\/div><div id=\"panel-885-1-1-1\" class=\"so-panel widget widget_posts_widget\" data-index=\"3\" ><h2 class=\"heading\"><span>\u00daltimas Not\u00edcias<\/span><\/h2><div><div class=\"poster-small  \"><a class=\"poster-image mt-radius pull-left\" href=\"https:\/\/insurancecorp.com.br\/pt\/2026\/04\/30\/zurich-amplia-capacitacao-em-tecnologia-para-mulheres\/\"><div class=\"mt-post-image\" ><div class=\"mt-post-image-background\" style=\"background-image:url(https:\/\/insurancecorp.com.br\/pt\/wp-content\/uploads\/2026\/04\/Creditos_Raquel-Santos-scaled-e1777572608404-15x9.jpg);\"><\/div><img src=\"data:image\/gif;base64,R0lGODlhAQABAIAAAAAAAP\/\/\/yH5BAEAAAAALAAAAAABAAEAAAIBRAA7\"  alt=\"Zurich amplia capacita\u00e7\u00e3o em tecnologia para mulheres\"  data-src=\"https:\/\/insurancecorp.com.br\/pt\/wp-content\/uploads\/2026\/04\/Creditos_Raquel-Santos-scaled-e1777572608404-150x150.jpg\" \/><\/div><\/a><div class=\"poster-text\"><a href=\"https:\/\/insurancecorp.com.br\/pt\/2026\/04\/30\/zurich-amplia-capacitacao-em-tecnologia-para-mulheres\/\"><h4>Zurich amplia capacita\u00e7\u00e3o em tecnologia para mulheres<\/h4><\/a><small class=\"mt-pl\"><span class=\"color-silver-light mt-pl-d\">30 de abril de 2026<\/span><\/small><\/div><div class=\"clearfix\"><\/div><\/div><div class=\"poster-small  \"><a class=\"poster-image mt-radius pull-left\" href=\"https:\/\/insurancecorp.com.br\/pt\/2026\/04\/30\/cnseg-se-reune-com-geraldo-alckmin-e-apresenta-propostas\/\"><div class=\"mt-post-image\" ><div class=\"mt-post-image-background\" style=\"background-image:url(https:\/\/insurancecorp.com.br\/pt\/wp-content\/uploads\/2026\/04\/Em-reuniao-com-a-CNseg-vice-presidente-destaca-urgencia-da-proposta-e-discute-medidas-para-fortalecer-o-setor-segurador-15x10.jpg);\"><\/div><img src=\"data:image\/gif;base64,R0lGODlhAQABAIAAAAAAAP\/\/\/yH5BAEAAAAALAAAAAABAAEAAAIBRAA7\"  alt=\"CNseg se re\u00fane com Geraldo Alckmin e apresenta propostas\"  data-src=\"https:\/\/insurancecorp.com.br\/pt\/wp-content\/uploads\/2026\/04\/Em-reuniao-com-a-CNseg-vice-presidente-destaca-urgencia-da-proposta-e-discute-medidas-para-fortalecer-o-setor-segurador-150x150.jpg\" \/><\/div><\/a><div class=\"poster-text\"><a href=\"https:\/\/insurancecorp.com.br\/pt\/2026\/04\/30\/cnseg-se-reune-com-geraldo-alckmin-e-apresenta-propostas\/\"><h4>CNseg se re\u00fane com Geraldo Alckmin e apresenta propostas<\/h4><\/a><small class=\"mt-pl\"><span class=\"color-silver-light mt-pl-d\">30 de abril de 2026<\/span><\/small><\/div><div class=\"clearfix\"><\/div><\/div><div class=\"poster-small  \"><a class=\"poster-image mt-radius pull-left\" href=\"https:\/\/insurancecorp.com.br\/pt\/2026\/04\/30\/inclusao-de-trabalhadoras-e-tema-central-do-tech-insurance-women-in-action\/\"><div class=\"mt-post-image\" ><div class=\"mt-post-image-background\" style=\"background-image:url(https:\/\/insurancecorp.com.br\/pt\/wp-content\/uploads\/2026\/04\/Design-sem-nome-88-15x7.png);\"><\/div><img src=\"data:image\/gif;base64,R0lGODlhAQABAIAAAAAAAP\/\/\/yH5BAEAAAAALAAAAAABAAEAAAIBRAA7\"  alt=\"Inclus\u00e3o de trabalhadoras \u00e9 tema central do &#8220;Tech &#038; Insurance: Women in Action&#8221;\"  data-src=\"https:\/\/insurancecorp.com.br\/pt\/wp-content\/uploads\/2026\/04\/Design-sem-nome-88-150x150.png\" \/><\/div><\/a><div class=\"poster-text\"><a href=\"https:\/\/insurancecorp.com.br\/pt\/2026\/04\/30\/inclusao-de-trabalhadoras-e-tema-central-do-tech-insurance-women-in-action\/\"><h4>Inclus\u00e3o de trabalhadoras \u00e9 tema central do &#8220;Tech &#038; Insurance: Women in Action&#8221;<\/h4><\/a><small class=\"mt-pl\"><span class=\"color-silver-light mt-pl-d\">30 de abril de 2026<\/span><\/small><\/div><div class=\"clearfix\"><\/div><\/div><div class=\"poster-small  \"><a class=\"poster-image mt-radius pull-left\" href=\"https:\/\/insurancecorp.com.br\/pt\/2026\/04\/30\/susep-participa-da-coordenacao-de-formacao-internacional-da-asel\/\"><div class=\"mt-post-image\" ><div class=\"mt-post-image-background\" style=\"background-image:url(https:\/\/insurancecorp.com.br\/pt\/wp-content\/uploads\/2026\/01\/logo-susep-e1772121543697-15x6.png);\"><\/div><img src=\"data:image\/gif;base64,R0lGODlhAQABAIAAAAAAAP\/\/\/yH5BAEAAAAALAAAAAABAAEAAAIBRAA7\"  alt=\"Susep participa da coordena\u00e7\u00e3o de forma\u00e7\u00e3o internacional da ASEL\"  data-src=\"https:\/\/insurancecorp.com.br\/pt\/wp-content\/uploads\/2026\/01\/logo-susep-e1772121543697-150x150.png\" \/><\/div><\/a><div class=\"poster-text\"><a href=\"https:\/\/insurancecorp.com.br\/pt\/2026\/04\/30\/susep-participa-da-coordenacao-de-formacao-internacional-da-asel\/\"><h4>Susep participa da coordena\u00e7\u00e3o de forma\u00e7\u00e3o internacional da ASEL<\/h4><\/a><small class=\"mt-pl\"><span class=\"color-silver-light mt-pl-d\">30 de abril de 2026<\/span><\/small><\/div><div class=\"clearfix\"><\/div><\/div><\/div><\/div><div id=\"panel-885-1-1-2\" class=\"so-panel widget widget_space_widget\" data-index=\"4\" ><div class=\"clearfix\" style=\"height:10px\"><\/div><\/div><div id=\"panel-885-1-1-3\" class=\"widget_text so-panel widget widget_custom_html\" data-index=\"5\" ><div class=\"textwidget custom-html-widget\"><a target=\"_blank\" href=\"https:\/\/bitly.net\/4tKMrpl\" rel=\"noopener noreferrer\">\n    <img px\" height=\"auto\" style=\"border: 1px solid #ccc\" src=\"https:\/\/i2.wp.com\/insurancecorp.com.br\/pt\/wp-content\/uploads\/2026\/04\/300x250_bradesco_0426.gif?w=300&#038;ssl=1\" data-recalc-dims=\"1\">\n<\/a><\/div><\/div><div id=\"panel-885-1-1-4\" class=\"so-panel widget widget_space_widget\" data-index=\"6\" ><div class=\"clearfix\" style=\"height:10px\"><\/div><\/div><div id=\"panel-885-1-1-5\" class=\"widget_text so-panel widget widget_custom_html\" data-index=\"7\" ><div class=\"textwidget custom-html-widget\"><a target=\"_blank\" href=\"https:\/\/bitly.net\/47oNqmr\" rel=\"noopener noreferrer\">\n    <img px\" height=\"auto\" style=\"border: 1px solid #ccc\" src=\"https:\/\/i0.wp.com\/insurancecorp.com.br\/pt\/wp-content\/uploads\/2026\/03\/2026_03_06_AXA_Trade_Insurance-Corp_300x250.jpg?w=300&#038;ssl=1\" data-recalc-dims=\"1\">\n<\/a><\/div><\/div><div id=\"panel-885-1-1-6\" class=\"so-panel widget widget_space_widget\" data-index=\"8\" ><div class=\"clearfix\" style=\"height:10px\"><\/div><\/div><div id=\"panel-885-1-1-7\" class=\"widget_text so-panel widget widget_custom_html\" data-index=\"9\" ><div class=\"textwidget custom-html-widget\"><a target=\"_blank\" href=\"https:\/\/bitly.net\/49X6AlG\" rel=\"noopener noreferrer\">\n    <img px\" height=\"auto\" src=\"https:\/\/i0.wp.com\/insurancecorp.com.br\/pt\/wp-content\/uploads\/2025\/12\/OP-2.png?w=300&#038;ssl=1\" data-recalc-dims=\"1\">\n<\/a><\/div><\/div><div id=\"panel-885-1-1-8\" class=\"so-panel widget widget_space_widget\" data-index=\"10\" ><div class=\"clearfix\" style=\"height:10px\"><\/div><\/div><div id=\"panel-885-1-1-9\" class=\"widget_text so-panel widget widget_custom_html\" data-index=\"11\" ><div class=\"textwidget custom-html-widget\"><a target=\"_blank\" href=\"https:\/\/bitly.net\/4hqo4ak\" rel=\"noopener noreferrer\">\n    <img px\" height=\"auto\" src=\"https:\/\/i0.wp.com\/insurancecorp.com.br\/pt\/wp-content\/uploads\/2025\/01\/machado-cremoneze.png?w=300&#038;ssl=1\" data-recalc-dims=\"1\">\n<\/a><\/div><\/div><div id=\"panel-885-1-1-10\" class=\"so-panel widget widget_space_widget panel-last-child\" data-index=\"12\" ><div class=\"clearfix\" style=\"height:10px\"><\/div><\/div><\/div><\/div><\/div>","protected":false},"excerpt":{"rendered":"","protected":false},"author":1,"featured_media":0,"parent":0,"menu_order":0,"comment_status":"closed","ping_status":"closed","template":"","meta":[],"yoast_head":"<!-- This site is optimized with the Yoast SEO plugin v14.8 - https:\/\/yoast.com\/wordpress\/plugins\/seo\/ -->\n<title>Revista Insurance Corp | Not\u00edcias Mais Lidas<\/title>\n<meta name=\"description\" content=\"A Revista Insurance Corp \u00e9 uma publica\u00e7\u00e3o impressa, lan\u00e7ada no in\u00edcio de 2015. \u00c9 a \u00fanica revista bil\u00edngue voltada ao mercado de seguros.\" \/>\n<meta name=\"robots\" content=\"index, follow\" \/>\n<meta name=\"googlebot\" content=\"index, follow, max-snippet:-1, max-image-preview:large, max-video-preview:-1\" \/>\n<meta name=\"bingbot\" content=\"index, follow, max-snippet:-1, max-image-preview:large, max-video-preview:-1\" \/>\n<link rel=\"canonical\" href=\"https:\/\/insurancecorp.com.br\/pt\/mais-lidas\/\" \/>\n<meta property=\"og:locale\" content=\"pt_BR\" \/>\n<meta property=\"og:type\" content=\"article\" \/>\n<meta property=\"og:title\" content=\"Revista Insurance Corp | Not\u00edcias Mais Lidas\" \/>\n<meta property=\"og:description\" content=\"A Revista Insurance Corp \u00e9 uma publica\u00e7\u00e3o impressa, lan\u00e7ada no in\u00edcio de 2015. \u00c9 a \u00fanica revista bil\u00edngue voltada ao mercado de seguros.\" \/>\n<meta property=\"og:url\" content=\"https:\/\/insurancecorp.com.br\/pt\/mais-lidas\/\" \/>\n<meta property=\"og:site_name\" content=\"Revista Insurance Corp | PT-BR\" \/>\n<meta property=\"article:publisher\" content=\"https:\/\/www.facebook.com\/RevistaInsuranceCorp\/\" \/>\n<meta property=\"article:modified_time\" content=\"2026-04-15T23:45:56+00:00\" \/>\n<meta name=\"twitter:card\" content=\"summary\" \/>\n<script type=\"application\/ld+json\" class=\"yoast-schema-graph\">{\"@context\":\"https:\/\/schema.org\",\"@graph\":[{\"@type\":\"Organization\",\"@id\":\"https:\/\/insurancecorp.com.br\/pt\/#organization\",\"name\":\"Revista Insurance Corp\",\"url\":\"https:\/\/insurancecorp.com.br\/pt\/\",\"sameAs\":[\"https:\/\/www.facebook.com\/RevistaInsuranceCorp\/\"],\"logo\":{\"@type\":\"ImageObject\",\"@id\":\"https:\/\/insurancecorp.com.br\/pt\/#logo\",\"inLanguage\":\"pt-BR\",\"url\":\"\",\"caption\":\"Revista Insurance Corp\"},\"image\":{\"@id\":\"https:\/\/insurancecorp.com.br\/pt\/#logo\"}},{\"@type\":\"WebSite\",\"@id\":\"https:\/\/insurancecorp.com.br\/pt\/#website\",\"url\":\"https:\/\/insurancecorp.com.br\/pt\/\",\"name\":\"Revista Insurance Corp | PT-BR\",\"description\":\"A \\u00fanica revista bil\\u00edngue voltada ao mercado de seguro.\",\"publisher\":{\"@id\":\"https:\/\/insurancecorp.com.br\/pt\/#organization\"},\"potentialAction\":[{\"@type\":\"SearchAction\",\"target\":\"https:\/\/insurancecorp.com.br\/pt\/?s={search_term_string}\",\"query-input\":\"required name=search_term_string\"}],\"inLanguage\":\"pt-BR\"},{\"@type\":\"WebPage\",\"@id\":\"https:\/\/insurancecorp.com.br\/pt\/mais-lidas\/#webpage\",\"url\":\"https:\/\/insurancecorp.com.br\/pt\/mais-lidas\/\",\"name\":\"Revista Insurance Corp | Not\\u00edcias Mais Lidas\",\"isPartOf\":{\"@id\":\"https:\/\/insurancecorp.com.br\/pt\/#website\"},\"datePublished\":\"2017-07-11T17:38:42+00:00\",\"dateModified\":\"2026-04-15T23:45:56+00:00\",\"description\":\"A Revista Insurance Corp \\u00e9 uma publica\\u00e7\\u00e3o impressa, lan\\u00e7ada no in\\u00edcio de 2015. \\u00c9 a \\u00fanica revista bil\\u00edngue voltada ao mercado de seguros.\",\"inLanguage\":\"pt-BR\",\"potentialAction\":[{\"@type\":\"ReadAction\",\"target\":[\"https:\/\/insurancecorp.com.br\/pt\/mais-lidas\/\"]}]}]}<\/script>\n<!-- \/ Yoast SEO plugin. -->","_links":{"self":[{"href":"https:\/\/insurancecorp.com.br\/pt\/wp-json\/wp\/v2\/pages\/885"}],"collection":[{"href":"https:\/\/insurancecorp.com.br\/pt\/wp-json\/wp\/v2\/pages"}],"about":[{"href":"https:\/\/insurancecorp.com.br\/pt\/wp-json\/wp\/v2\/types\/page"}],"author":[{"embeddable":true,"href":"https:\/\/insurancecorp.com.br\/pt\/wp-json\/wp\/v2\/users\/1"}],"replies":[{"embeddable":true,"href":"https:\/\/insurancecorp.com.br\/pt\/wp-json\/wp\/v2\/comments?post=885"}],"version-history":[{"count":203,"href":"https:\/\/insurancecorp.com.br\/pt\/wp-json\/wp\/v2\/pages\/885\/revisions"}],"predecessor-version":[{"id":78815,"href":"https:\/\/insurancecorp.com.br\/pt\/wp-json\/wp\/v2\/pages\/885\/revisions\/78815"}],"wp:attachment":[{"href":"https:\/\/insurancecorp.com.br\/pt\/wp-json\/wp\/v2\/media?parent=885"}],"curies":[{"name":"wp","href":"https:\/\/api.w.org\/{rel}","templated":true}]}}