{"id":468,"date":"2017-06-20T14:02:45","date_gmt":"2017-06-20T17:02:45","guid":{"rendered":"https:\/\/insurancecorp.com.br\/pt\/?page_id=468"},"modified":"2026-04-15T20:56:54","modified_gmt":"2026-04-15T23:56:54","slug":"ultimas-noticias","status":"publish","type":"page","link":"https:\/\/insurancecorp.com.br\/pt\/ultimas-noticias\/","title":{"rendered":"\u00daltimas Not\u00edcias"},"content":{"rendered":"<div id=\"pl-468\"  class=\"panel-layout\" ><div id=\"pg-468-0\"  class=\"panel-grid panel-no-style\" ><div id=\"pgc-468-0-0\"  class=\"panel-grid-cell\" ><div id=\"panel-468-0-0-0\" class=\"so-panel widget widget_space_widget panel-first-child panel-last-child\" data-index=\"0\" ><div class=\"clearfix\" style=\"height:40px\"><\/div><\/div><\/div><\/div><div id=\"pg-468-1\"  class=\"panel-grid panel-no-style\" ><div id=\"pgc-468-1-0\"  class=\"panel-grid-cell\" ><div id=\"panel-468-1-0-0\" class=\"so-panel widget widget_posts_widget panel-first-child panel-last-child\" data-index=\"1\" ><h2 class=\"heading heading-left\"><span>\u00daltimas Not\u00edcias<\/span><\/h2><div><div class=\"poster normal   size-350\"><a class=\"poster-image mt-radius pull-left\" href=\"https:\/\/insurancecorp.com.br\/pt\/2026\/04\/30\/zurich-amplia-capacitacao-em-tecnologia-para-mulheres\/\"><div class=\"mt-post-image\" ><div class=\"mt-post-image-background\" style=\"background-image:url(https:\/\/insurancecorp.com.br\/pt\/wp-content\/uploads\/2026\/04\/Creditos_Raquel-Santos-scaled-e1777572608404-15x9.jpg);\"><\/div><img alt=\"Zurich amplia capacita\u00e7\u00e3o em tecnologia para mulheres\" class=\"lazy\" src=\"data:image\/gif;base64,R0lGODlhAQABAIAAAAAAAP\/\/\/yH5BAEAAAAALAAAAAABAAEAAAIBRAA7\" data-src=\"https:\/\/insurancecorp.com.br\/pt\/wp-content\/uploads\/2026\/04\/Creditos_Raquel-Santos-scaled-e1777572608404-550x315.jpg\" width=\"550\" height=\"550\" \/><\/div><span class=\"post-icon mt-theme-background\"><i class=\"ic-open open\"><\/i><\/span><div class=\"poster-info\"><div class=\"poster-cat\"><span class=\"mt-theme-text\">Zurich Seguros<\/span><\/div><div class=\"poster-data color-silver-light\"><span class=\"poster-views\">115 <span class=\"mt-data-text\">Vizualiza\u00e7\u00f5es<\/span><\/span><\/div><\/div><\/a><div class=\"poster-content\"><div class=\"poster-cat\"><span class=\"mt-theme-text\">Zurich Seguros<\/span><\/div><div class=\"poster-data color-silver-light\"><span class=\"poster-views\">115 <span class=\"mt-data-text\">Vizualiza\u00e7\u00f5es<\/span><\/span><\/div><a href=\"https:\/\/insurancecorp.com.br\/pt\/2026\/04\/30\/zurich-amplia-capacitacao-em-tecnologia-para-mulheres\/\"><h2>Zurich amplia capacita\u00e7\u00e3o em tecnologia para mulheres<\/h2><\/a><small class=\"mt-pl\"><strong class=\"mt-pl-a\">Publica\u00e7\u00e3o<\/strong><span class=\"color-silver-light mt-ml\"> - <\/span><span class=\"color-silver-light mt-pl-d\">30 de abril de 2026<\/span><\/small><p>A Zurich refor\u00e7a sua estrat\u00e9gia de inclus\u00e3o e capacita\u00e7\u00e3o em tecnologia ao apoiar uma nova edi\u00e7\u00e3o da\u00a0PrograMaria\u00a0Sprint, iniciativa voltada \u00e0 forma\u00e7\u00e3o de mulheres e pessoas de g\u00eaneros\u00a0minorizados\u00a0em&hellip;<\/p><div class=\"hidden mt-readmore\"><a class=\"mt-readmore-url\" href=\"https:\/\/insurancecorp.com.br\/pt\/2026\/04\/30\/zurich-amplia-capacitacao-em-tecnologia-para-mulheres\/\">Visualiza\u00e7\u00f5es<\/a><\/div><\/div><div class=\"clearfix\"><\/div><\/div><div class=\"poster normal   size-350\"><a class=\"poster-image mt-radius pull-left\" href=\"https:\/\/insurancecorp.com.br\/pt\/2026\/04\/30\/cnseg-se-reune-com-geraldo-alckmin-e-apresenta-propostas\/\"><div class=\"mt-post-image\" ><div class=\"mt-post-image-background\" style=\"background-image:url(https:\/\/insurancecorp.com.br\/pt\/wp-content\/uploads\/2026\/04\/Em-reuniao-com-a-CNseg-vice-presidente-destaca-urgencia-da-proposta-e-discute-medidas-para-fortalecer-o-setor-segurador-15x10.jpg);\"><\/div><img alt=\"CNseg se re\u00fane com Geraldo Alckmin e apresenta propostas\" class=\"lazy\" src=\"data:image\/gif;base64,R0lGODlhAQABAIAAAAAAAP\/\/\/yH5BAEAAAAALAAAAAABAAEAAAIBRAA7\" data-src=\"https:\/\/insurancecorp.com.br\/pt\/wp-content\/uploads\/2026\/04\/Em-reuniao-com-a-CNseg-vice-presidente-destaca-urgencia-da-proposta-e-discute-medidas-para-fortalecer-o-setor-segurador-550x367.jpg\" width=\"550\" height=\"550\" \/><\/div><span class=\"post-icon mt-theme-background\"><i class=\"ic-open open\"><\/i><\/span><div class=\"poster-info\"><div class=\"poster-cat\"><span class=\"mt-theme-text\">CNseg<\/span><\/div><div class=\"poster-data color-silver-light\"><span class=\"poster-views\">107 <span class=\"mt-data-text\">Vizualiza\u00e7\u00f5es<\/span><\/span><\/div><\/div><\/a><div class=\"poster-content\"><div class=\"poster-cat\"><span class=\"mt-theme-text\">CNseg<\/span><\/div><div class=\"poster-data color-silver-light\"><span class=\"poster-views\">107 <span class=\"mt-data-text\">Vizualiza\u00e7\u00f5es<\/span><\/span><\/div><a href=\"https:\/\/insurancecorp.com.br\/pt\/2026\/04\/30\/cnseg-se-reune-com-geraldo-alckmin-e-apresenta-propostas\/\"><h2>CNseg se re\u00fane com Geraldo Alckmin e apresenta propostas<\/h2><\/a><small class=\"mt-pl\"><strong class=\"mt-pl-a\">Publica\u00e7\u00e3o<\/strong><span class=\"color-silver-light mt-ml\"> - <\/span><span class=\"color-silver-light mt-pl-d\">30 de abril de 2026<\/span><\/small><p>O vice-presidente da Rep\u00fablica, Geraldo Alckmin, manifestou apoio ao projeto de lei que moderniza e amplia os recursos destinados ao seguro rural, atualmente em tramita\u00e7\u00e3o na C\u00e2mara&hellip;<\/p><div class=\"hidden mt-readmore\"><a class=\"mt-readmore-url\" href=\"https:\/\/insurancecorp.com.br\/pt\/2026\/04\/30\/cnseg-se-reune-com-geraldo-alckmin-e-apresenta-propostas\/\">Visualiza\u00e7\u00f5es<\/a><\/div><\/div><div class=\"clearfix\"><\/div><\/div><div class=\"poster normal   size-350\"><a class=\"poster-image mt-radius pull-left\" href=\"https:\/\/insurancecorp.com.br\/pt\/2026\/04\/30\/inclusao-de-trabalhadoras-e-tema-central-do-tech-insurance-women-in-action\/\"><div class=\"mt-post-image\" ><div class=\"mt-post-image-background\" style=\"background-image:url(https:\/\/insurancecorp.com.br\/pt\/wp-content\/uploads\/2026\/04\/Design-sem-nome-88-15x7.png);\"><\/div><img alt=\"Inclus\u00e3o de trabalhadoras \u00e9 tema central do &#8220;Tech &#038; Insurance: Women in Action&#8221;\" class=\"lazy\" src=\"data:image\/gif;base64,R0lGODlhAQABAIAAAAAAAP\/\/\/yH5BAEAAAAALAAAAAABAAEAAAIBRAA7\" data-src=\"https:\/\/insurancecorp.com.br\/pt\/wp-content\/uploads\/2026\/04\/Design-sem-nome-88-550x246.png\" width=\"550\" height=\"550\" \/><\/div><span class=\"post-icon mt-theme-background\"><i class=\"ic-open open\"><\/i><\/span><div class=\"poster-info\"><div class=\"poster-cat\"><span class=\"mt-theme-text\">88i Seguradora Digital<\/span><\/div><div class=\"poster-data color-silver-light\"><span class=\"poster-views\">119 <span class=\"mt-data-text\">Vizualiza\u00e7\u00f5es<\/span><\/span><\/div><\/div><\/a><div class=\"poster-content\"><div class=\"poster-cat\"><span class=\"mt-theme-text\">88i Seguradora Digital<\/span><\/div><div class=\"poster-data color-silver-light\"><span class=\"poster-views\">119 <span class=\"mt-data-text\">Vizualiza\u00e7\u00f5es<\/span><\/span><\/div><a href=\"https:\/\/insurancecorp.com.br\/pt\/2026\/04\/30\/inclusao-de-trabalhadoras-e-tema-central-do-tech-insurance-women-in-action\/\"><h2>Inclus\u00e3o de trabalhadoras \u00e9 tema central do &#8220;Tech &#038; Insurance: Women in Action&#8221;<\/h2><\/a><small class=\"mt-pl\"><strong class=\"mt-pl-a\">Publica\u00e7\u00e3o<\/strong><span class=\"color-silver-light mt-ml\"> - <\/span><span class=\"color-silver-light mt-pl-d\">30 de abril de 2026<\/span><\/small><p>No pr\u00f3ximo dia 13 de maio, S\u00e3o Paulo ser\u00e1 palco de um debate urgente sobre o futuro do mercado segurador: a converg\u00eancia entre inova\u00e7\u00e3o tecnol\u00f3gica e protagonismo&hellip;<\/p><div class=\"hidden mt-readmore\"><a class=\"mt-readmore-url\" href=\"https:\/\/insurancecorp.com.br\/pt\/2026\/04\/30\/inclusao-de-trabalhadoras-e-tema-central-do-tech-insurance-women-in-action\/\">Visualiza\u00e7\u00f5es<\/a><\/div><\/div><div class=\"clearfix\"><\/div><\/div><div class=\"poster normal   size-350\"><a class=\"poster-image mt-radius pull-left\" href=\"https:\/\/insurancecorp.com.br\/pt\/2026\/04\/30\/susep-participa-da-coordenacao-de-formacao-internacional-da-asel\/\"><div class=\"mt-post-image\" ><div class=\"mt-post-image-background\" style=\"background-image:url(https:\/\/insurancecorp.com.br\/pt\/wp-content\/uploads\/2026\/01\/logo-susep-e1772121543697-15x6.png);\"><\/div><img alt=\"Susep participa da coordena\u00e7\u00e3o de forma\u00e7\u00e3o internacional da ASEL\" class=\"lazy\" src=\"data:image\/gif;base64,R0lGODlhAQABAIAAAAAAAP\/\/\/yH5BAEAAAAALAAAAAABAAEAAAIBRAA7\" data-src=\"https:\/\/insurancecorp.com.br\/pt\/wp-content\/uploads\/2026\/01\/logo-susep-e1772121543697-550x206.png\" width=\"550\" height=\"550\" \/><\/div><span class=\"post-icon mt-theme-background\"><i class=\"ic-open open\"><\/i><\/span><div class=\"poster-info\"><div class=\"poster-cat\"><span class=\"mt-theme-text\">Susep<\/span><\/div><div class=\"poster-data color-silver-light\"><span class=\"poster-views\">101 <span class=\"mt-data-text\">Vizualiza\u00e7\u00f5es<\/span><\/span><\/div><\/div><\/a><div class=\"poster-content\"><div class=\"poster-cat\"><span class=\"mt-theme-text\">Susep<\/span><\/div><div class=\"poster-data color-silver-light\"><span class=\"poster-views\">101 <span class=\"mt-data-text\">Vizualiza\u00e7\u00f5es<\/span><\/span><\/div><a href=\"https:\/\/insurancecorp.com.br\/pt\/2026\/04\/30\/susep-participa-da-coordenacao-de-formacao-internacional-da-asel\/\"><h2>Susep participa da coordena\u00e7\u00e3o de forma\u00e7\u00e3o internacional da ASEL<\/h2><\/a><small class=\"mt-pl\"><strong class=\"mt-pl-a\">Publica\u00e7\u00e3o<\/strong><span class=\"color-silver-light mt-ml\"> - <\/span><span class=\"color-silver-light mt-pl-d\">30 de abril de 2026<\/span><\/small><p>A Superintend\u00eancia de Seguros Privados (Susep) participou, entre os dias 13 e 24 de abril, em Macau, da A\u00e7\u00e3o de Forma\u00e7\u00e3o para Supervisores da Associa\u00e7\u00e3o de Supervisores&hellip;<\/p><div class=\"hidden mt-readmore\"><a class=\"mt-readmore-url\" href=\"https:\/\/insurancecorp.com.br\/pt\/2026\/04\/30\/susep-participa-da-coordenacao-de-formacao-internacional-da-asel\/\">Visualiza\u00e7\u00f5es<\/a><\/div><\/div><div class=\"clearfix\"><\/div><\/div><div class=\"poster normal   size-350\"><a class=\"poster-image mt-radius pull-left\" href=\"https:\/\/insurancecorp.com.br\/pt\/2026\/04\/30\/seguro-residencial-e-fundamental-para-curtir-a-copa-do-mundo-com-seguranca\/\"><div class=\"mt-post-image\" ><div class=\"mt-post-image-background\" style=\"background-image:url(https:\/\/insurancecorp.com.br\/pt\/wp-content\/uploads\/2026\/04\/seguro-residencial-15x10.jpg);\"><\/div><img alt=\"Seguro residencial \u00e9 fundamental para curtir a Copa do Mundo com seguran\u00e7a\" class=\"lazy\" src=\"data:image\/gif;base64,R0lGODlhAQABAIAAAAAAAP\/\/\/yH5BAEAAAAALAAAAAABAAEAAAIBRAA7\" data-src=\"https:\/\/insurancecorp.com.br\/pt\/wp-content\/uploads\/2026\/04\/seguro-residencial-550x367.jpg\" width=\"550\" height=\"550\" \/><\/div><span class=\"post-icon mt-theme-background\"><i class=\"ic-open open\"><\/i><\/span><div class=\"poster-info\"><div class=\"poster-cat\"><span class=\"mt-theme-text\">Seguro Residencial<\/span><\/div><div class=\"poster-data color-silver-light\"><span class=\"poster-views\">109 <span class=\"mt-data-text\">Vizualiza\u00e7\u00f5es<\/span><\/span><span class=\"poster-comments\">1<\/span><\/div><\/div><\/a><div class=\"poster-content\"><div class=\"poster-cat\"><span class=\"mt-theme-text\">Seguro Residencial<\/span><\/div><div class=\"poster-data color-silver-light\"><span class=\"poster-views\">109 <span class=\"mt-data-text\">Vizualiza\u00e7\u00f5es<\/span><\/span><span class=\"poster-comments\">1<\/span><\/div><a href=\"https:\/\/insurancecorp.com.br\/pt\/2026\/04\/30\/seguro-residencial-e-fundamental-para-curtir-a-copa-do-mundo-com-seguranca\/\"><h2>Seguro residencial \u00e9 fundamental para curtir a Copa do Mundo com seguran\u00e7a<\/h2><\/a><small class=\"mt-pl\"><strong class=\"mt-pl-a\">Publica\u00e7\u00e3o<\/strong><span class=\"color-silver-light mt-ml\"> - <\/span><span class=\"color-silver-light mt-pl-d\">30 de abril de 2026<\/span><\/small><p>Faltando um pouco mais de um m\u00eas para o in\u00edcio da Copa do Mundo de 2026, a empolga\u00e7\u00e3o para acompanhar a sele\u00e7\u00e3o brasileira e reunir amigos e&hellip;<\/p><div class=\"hidden mt-readmore\"><a class=\"mt-readmore-url\" href=\"https:\/\/insurancecorp.com.br\/pt\/2026\/04\/30\/seguro-residencial-e-fundamental-para-curtir-a-copa-do-mundo-com-seguranca\/\">Visualiza\u00e7\u00f5es<\/a><\/div><\/div><div class=\"clearfix\"><\/div><\/div><div class=\"poster normal   size-350\"><a class=\"poster-image mt-radius pull-left\" href=\"https:\/\/insurancecorp.com.br\/pt\/2026\/04\/30\/emerson-resck-destaca-estrategia-da-sompo\/\"><div class=\"mt-post-image\" ><div class=\"mt-post-image-background\" style=\"background-image:url(https:\/\/insurancecorp.com.br\/pt\/wp-content\/uploads\/2026\/04\/Emerson-Resck-Bueno-no-Programa-Seguro-com-Boris-Ber-15x8.jpeg);\"><\/div><img alt=\"Emerson Resck destaca estrat\u00e9gia da Sompo\" class=\"lazy\" src=\"data:image\/gif;base64,R0lGODlhAQABAIAAAAAAAP\/\/\/yH5BAEAAAAALAAAAAABAAEAAAIBRAA7\" data-src=\"https:\/\/insurancecorp.com.br\/pt\/wp-content\/uploads\/2026\/04\/Emerson-Resck-Bueno-no-Programa-Seguro-com-Boris-Ber-550x309.jpeg\" width=\"550\" height=\"550\" \/><\/div><span class=\"post-icon mt-theme-background\"><i class=\"ic-open open\"><\/i><\/span><div class=\"poster-info\"><div class=\"poster-cat\"><span class=\"mt-theme-text\">Sompo<\/span><\/div><div class=\"poster-data color-silver-light\"><span class=\"poster-views\">128 <span class=\"mt-data-text\">Vizualiza\u00e7\u00f5es<\/span><\/span><\/div><\/div><\/a><div class=\"poster-content\"><div class=\"poster-cat\"><span class=\"mt-theme-text\">Sompo<\/span><\/div><div class=\"poster-data color-silver-light\"><span class=\"poster-views\">128 <span class=\"mt-data-text\">Vizualiza\u00e7\u00f5es<\/span><\/span><\/div><a href=\"https:\/\/insurancecorp.com.br\/pt\/2026\/04\/30\/emerson-resck-destaca-estrategia-da-sompo\/\"><h2>Emerson Resck destaca estrat\u00e9gia da Sompo<\/h2><\/a><small class=\"mt-pl\"><strong class=\"mt-pl-a\">Publica\u00e7\u00e3o<\/strong><span class=\"color-silver-light mt-ml\"> - <\/span><span class=\"color-silver-light mt-pl-d\">30 de abril de 2026<\/span><\/small><p>A\u00a0Sompo Seguros S.A., subsidi\u00e1ria da Sompo International, empresa respons\u00e1vel pelas opera\u00e7\u00f5es de seguro e resseguro do Grupo Sompo Holdings fora do Jap\u00e3o, \u00e9 a convidada do \u00a0Programa&hellip;<\/p><div class=\"hidden mt-readmore\"><a class=\"mt-readmore-url\" href=\"https:\/\/insurancecorp.com.br\/pt\/2026\/04\/30\/emerson-resck-destaca-estrategia-da-sompo\/\">Visualiza\u00e7\u00f5es<\/a><\/div><\/div><div class=\"clearfix\"><\/div><\/div><div class=\"poster normal   size-350\"><a class=\"poster-image mt-radius pull-left\" href=\"https:\/\/insurancecorp.com.br\/pt\/2026\/04\/30\/icatu-reforca-o-time-e-traz-lilian-grumbach\/\"><div class=\"mt-post-image\" ><div class=\"mt-post-image-background\" style=\"background-image:url(https:\/\/insurancecorp.com.br\/pt\/wp-content\/uploads\/2026\/04\/LA4A9083-1-e1777563980720-15x6.jpg);\"><\/div><img alt=\"Icatu refor\u00e7a o time e traz Lilian Grumbach\" class=\"lazy\" src=\"data:image\/gif;base64,R0lGODlhAQABAIAAAAAAAP\/\/\/yH5BAEAAAAALAAAAAABAAEAAAIBRAA7\" data-src=\"https:\/\/insurancecorp.com.br\/pt\/wp-content\/uploads\/2026\/04\/LA4A9083-1-e1777563980720-550x228.jpg\" width=\"550\" height=\"550\" \/><\/div><span class=\"post-icon mt-theme-background\"><i class=\"ic-open open\"><\/i><\/span><div class=\"poster-info\"><div class=\"poster-cat\"><span class=\"mt-theme-text\">Icatu Seguros<\/span><\/div><div class=\"poster-data color-silver-light\"><span class=\"poster-views\">105 <span class=\"mt-data-text\">Vizualiza\u00e7\u00f5es<\/span><\/span><\/div><\/div><\/a><div class=\"poster-content\"><div class=\"poster-cat\"><span class=\"mt-theme-text\">Icatu Seguros<\/span><\/div><div class=\"poster-data color-silver-light\"><span class=\"poster-views\">105 <span class=\"mt-data-text\">Vizualiza\u00e7\u00f5es<\/span><\/span><\/div><a href=\"https:\/\/insurancecorp.com.br\/pt\/2026\/04\/30\/icatu-reforca-o-time-e-traz-lilian-grumbach\/\"><h2>Icatu refor\u00e7a o time e traz Lilian Grumbach<\/h2><\/a><small class=\"mt-pl\"><strong class=\"mt-pl-a\">Publica\u00e7\u00e3o<\/strong><span class=\"color-silver-light mt-ml\"> - <\/span><span class=\"color-silver-light mt-pl-d\">30 de abril de 2026<\/span><\/small><p>Como parte da estrat\u00e9gia de desenvolvimento e evolu\u00e7\u00e3o digital, a Icatu Seguros, maior seguradora independente do pa\u00eds nos segmentos de Vida, Previd\u00eancia e Capitaliza\u00e7\u00e3o, anuncia a chegada&hellip;<\/p><div class=\"hidden mt-readmore\"><a class=\"mt-readmore-url\" href=\"https:\/\/insurancecorp.com.br\/pt\/2026\/04\/30\/icatu-reforca-o-time-e-traz-lilian-grumbach\/\">Visualiza\u00e7\u00f5es<\/a><\/div><\/div><div class=\"clearfix\"><\/div><\/div><div class=\"poster normal   size-350\"><a class=\"poster-image mt-radius pull-left\" href=\"https:\/\/insurancecorp.com.br\/pt\/2026\/04\/30\/bradesco-seguros-participa-de-iniciativa-da-fgv\/\"><div class=\"mt-post-image\" ><div class=\"mt-post-image-background\" style=\"background-image:url(https:\/\/insurancecorp.com.br\/pt\/wp-content\/uploads\/2026\/04\/WhatsApp-Image-2026-04-28-at-17.33.05-e1777562151393-15x9.jpg);\"><\/div><img alt=\"Bradesco Seguros participa de iniciativa da FGV\" class=\"lazy\" src=\"data:image\/gif;base64,R0lGODlhAQABAIAAAAAAAP\/\/\/yH5BAEAAAAALAAAAAABAAEAAAIBRAA7\" data-src=\"https:\/\/insurancecorp.com.br\/pt\/wp-content\/uploads\/2026\/04\/WhatsApp-Image-2026-04-28-at-17.33.05-e1777562151393-550x338.jpg\" width=\"550\" height=\"550\" \/><\/div><span class=\"post-icon mt-theme-background\"><i class=\"ic-open open\"><\/i><\/span><div class=\"poster-info\"><div class=\"poster-cat\"><span class=\"mt-theme-text\">Bradesco Seguros<\/span><\/div><div class=\"poster-data color-silver-light\"><span class=\"poster-views\">90 <span class=\"mt-data-text\">Vizualiza\u00e7\u00f5es<\/span><\/span><\/div><\/div><\/a><div class=\"poster-content\"><div class=\"poster-cat\"><span class=\"mt-theme-text\">Bradesco Seguros<\/span><\/div><div class=\"poster-data color-silver-light\"><span class=\"poster-views\">90 <span class=\"mt-data-text\">Vizualiza\u00e7\u00f5es<\/span><\/span><\/div><a href=\"https:\/\/insurancecorp.com.br\/pt\/2026\/04\/30\/bradesco-seguros-participa-de-iniciativa-da-fgv\/\"><h2>Bradesco Seguros participa de iniciativa da FGV<\/h2><\/a><small class=\"mt-pl\"><strong class=\"mt-pl-a\">Publica\u00e7\u00e3o<\/strong><span class=\"color-silver-light mt-ml\"> - <\/span><span class=\"color-silver-light mt-pl-d\">30 de abril de 2026<\/span><\/small><p>O Grupo Bradesco Seguros participou da Semana Concentrada de Empreendedorismo da Gradua\u00e7\u00e3o da\u00a0FGV, realizada entre os dias 13 e 17 de abril, na\u00a0FGV\u00a0EAESP, em S\u00e3o Paulo (SP).&hellip;<\/p><div class=\"hidden mt-readmore\"><a class=\"mt-readmore-url\" href=\"https:\/\/insurancecorp.com.br\/pt\/2026\/04\/30\/bradesco-seguros-participa-de-iniciativa-da-fgv\/\">Visualiza\u00e7\u00f5es<\/a><\/div><\/div><div class=\"clearfix\"><\/div><\/div><div class=\"poster normal   size-350\"><a class=\"poster-image mt-radius pull-left\" href=\"https:\/\/insurancecorp.com.br\/pt\/2026\/04\/30\/wiz-abre-novas-vagas-no-sul-e-no-sudeste\/\"><div class=\"mt-post-image\" ><div class=\"mt-post-image-background\" style=\"background-image:url(https:\/\/insurancecorp.com.br\/pt\/wp-content\/uploads\/2025\/08\/wiz-15x7.png);\"><\/div><img alt=\"Wiz abre novas vagas no Sul e no Sudeste\" class=\"lazy\" src=\"data:image\/gif;base64,R0lGODlhAQABAIAAAAAAAP\/\/\/yH5BAEAAAAALAAAAAABAAEAAAIBRAA7\" data-src=\"https:\/\/insurancecorp.com.br\/pt\/wp-content\/uploads\/2025\/08\/wiz-550x243.png\" width=\"550\" height=\"550\" \/><\/div><span class=\"post-icon mt-theme-background\"><i class=\"ic-open open\"><\/i><\/span><div class=\"poster-info\"><div class=\"poster-cat\"><span class=\"mt-theme-text\">Wiz Co<\/span><\/div><div class=\"poster-data color-silver-light\"><span class=\"poster-views\">89 <span class=\"mt-data-text\">Vizualiza\u00e7\u00f5es<\/span><\/span><\/div><\/div><\/a><div class=\"poster-content\"><div class=\"poster-cat\"><span class=\"mt-theme-text\">Wiz Co<\/span><\/div><div class=\"poster-data color-silver-light\"><span class=\"poster-views\">89 <span class=\"mt-data-text\">Vizualiza\u00e7\u00f5es<\/span><\/span><\/div><a href=\"https:\/\/insurancecorp.com.br\/pt\/2026\/04\/30\/wiz-abre-novas-vagas-no-sul-e-no-sudeste\/\"><h2>Wiz abre novas vagas no Sul e no Sudeste<\/h2><\/a><small class=\"mt-pl\"><strong class=\"mt-pl-a\">Publica\u00e7\u00e3o<\/strong><span class=\"color-silver-light mt-ml\"> - <\/span><span class=\"color-silver-light mt-pl-d\">30 de abril de 2026<\/span><\/small><p>A Wiz Co, empresa especializada em bancassurance e distribuidora de cons\u00f3rcios e cr\u00e9dito, anuncia a abertura de vagas em algumas de suas unidades de neg\u00f3cios. As oportunidades&hellip;<\/p><div class=\"hidden mt-readmore\"><a class=\"mt-readmore-url\" href=\"https:\/\/insurancecorp.com.br\/pt\/2026\/04\/30\/wiz-abre-novas-vagas-no-sul-e-no-sudeste\/\">Visualiza\u00e7\u00f5es<\/a><\/div><\/div><div class=\"clearfix\"><\/div><\/div><div class=\"poster normal   size-350\"><a class=\"poster-image mt-radius pull-left\" href=\"https:\/\/insurancecorp.com.br\/pt\/2026\/04\/29\/axa-segue-com-os-seus-roadshows-em-polos-estrategicos\/\"><div class=\"mt-post-image\" ><div class=\"mt-post-image-background\" style=\"background-image:url(https:\/\/insurancecorp.com.br\/pt\/wp-content\/uploads\/2026\/04\/Roadshow-Ribeirao-Preto-Erika-e1777489518261-15x9.jpeg);\"><\/div><img alt=\"AXA segue com os seus Roadshows em polos estrat\u00e9gicos\" class=\"lazy\" src=\"data:image\/gif;base64,R0lGODlhAQABAIAAAAAAAP\/\/\/yH5BAEAAAAALAAAAAABAAEAAAIBRAA7\" data-src=\"https:\/\/insurancecorp.com.br\/pt\/wp-content\/uploads\/2026\/04\/Roadshow-Ribeirao-Preto-Erika-e1777489518261-550x319.jpeg\" width=\"550\" height=\"550\" \/><\/div><span class=\"post-icon mt-theme-background\"><i class=\"ic-open open\"><\/i><\/span><div class=\"poster-info\"><div class=\"poster-cat\"><span class=\"mt-theme-text\">Axa no Brasil<\/span><\/div><div class=\"poster-data color-silver-light\"><span class=\"poster-views\">137 <span class=\"mt-data-text\">Vizualiza\u00e7\u00f5es<\/span><\/span><\/div><\/div><\/a><div class=\"poster-content\"><div class=\"poster-cat\"><span class=\"mt-theme-text\">Axa no Brasil<\/span><\/div><div class=\"poster-data color-silver-light\"><span class=\"poster-views\">137 <span class=\"mt-data-text\">Vizualiza\u00e7\u00f5es<\/span><\/span><\/div><a href=\"https:\/\/insurancecorp.com.br\/pt\/2026\/04\/29\/axa-segue-com-os-seus-roadshows-em-polos-estrategicos\/\"><h2>AXA segue com os seus Roadshows em polos estrat\u00e9gicos<\/h2><\/a><small class=\"mt-pl\"><strong class=\"mt-pl-a\">Publica\u00e7\u00e3o<\/strong><span class=\"color-silver-light mt-ml\"> - <\/span><span class=\"color-silver-light mt-pl-d\">29 de abril de 2026<\/span><\/small><p>A AXA no Brasil refor\u00e7a sua estrat\u00e9gia de crescimento aumentando a capilaridade no territ\u00f3rio nacional e segue com os roadshows pelo pa\u00eds. Duas cidades receberam o time&hellip;<\/p><div class=\"hidden mt-readmore\"><a class=\"mt-readmore-url\" href=\"https:\/\/insurancecorp.com.br\/pt\/2026\/04\/29\/axa-segue-com-os-seus-roadshows-em-polos-estrategicos\/\">Visualiza\u00e7\u00f5es<\/a><\/div><\/div><div class=\"clearfix\"><\/div><\/div><\/div><div class=\"pagination\"><span aria-current=\"page\" class=\"page-numbers current\">1<\/span>\n<a class=\"page-numbers\" href=\"https:\/\/insurancecorp.com.br\/pt\/wp-json\/wp\/v2\/pages\/468\/?paged=2\">2<\/a>\n<a class=\"page-numbers\" href=\"https:\/\/insurancecorp.com.br\/pt\/wp-json\/wp\/v2\/pages\/468\/?paged=3\">3<\/a>\n<span class=\"page-numbers dots\">&hellip;<\/span>\n<a class=\"page-numbers\" href=\"https:\/\/insurancecorp.com.br\/pt\/wp-json\/wp\/v2\/pages\/468\/?paged=1527\">1.527<\/a>\n<a class=\"next page-numbers\" href=\"https:\/\/insurancecorp.com.br\/pt\/wp-json\/wp\/v2\/pages\/468\/?paged=2\"><span><\/span><\/a><\/div><\/div><\/div><div id=\"pgc-468-1-1\"  class=\"panel-grid-cell\" ><div id=\"panel-468-1-1-0\" class=\"widget_text so-panel widget widget_custom_html panel-first-child\" data-index=\"2\" ><div class=\"textwidget custom-html-widget\"><style>\n\n\t.stat-views, .poster-data {\n\t\tdisplay: none !important;\n\t}\n\t\n<\/style><\/div><\/div><div id=\"panel-468-1-1-1\" class=\"so-panel widget widget_posts_widget\" data-index=\"3\" ><h2 class=\"heading\"><span>Mais Lidas<\/span><\/h2><div><div class=\"poster-small  \"><a class=\"poster-image mt-radius pull-left\" href=\"https:\/\/insurancecorp.com.br\/pt\/2023\/04\/12\/zvconsultoriacafedamanha\/\"><div class=\"mt-post-image\" ><div class=\"mt-post-image-background\" style=\"background-image:url(https:\/\/insurancecorp.com.br\/pt\/wp-content\/uploads\/2023\/04\/1-33-15x21.jpg);\"><\/div><img src=\"data:image\/gif;base64,R0lGODlhAQABAIAAAAAAAP\/\/\/yH5BAEAAAAALAAAAAABAAEAAAIBRAA7\"  alt=\"ZV Consultoria e Olivier recebem convidados para um caf\u00e9 da manh\u00e3 em S\u00e3o Paulo\"  data-src=\"https:\/\/insurancecorp.com.br\/pt\/wp-content\/uploads\/2023\/04\/1-33-150x150.jpg\" \/><\/div><\/a><div class=\"poster-text\"><a href=\"https:\/\/insurancecorp.com.br\/pt\/2023\/04\/12\/zvconsultoriacafedamanha\/\"><h4>ZV Consultoria e Olivier recebem convidados para um caf\u00e9 da manh\u00e3 em S\u00e3o Paulo<\/h4><\/a><small class=\"mt-pl\"><span class=\"color-silver-light mt-pl-d\">12 de abril de 2023<\/span><\/small><\/div><div class=\"clearfix\"><\/div><\/div><div class=\"poster-small  \"><a class=\"poster-image mt-radius pull-left\" href=\"https:\/\/insurancecorp.com.br\/pt\/2020\/09\/19\/dive-in-festival-no-brasil\/\"><div class=\"mt-post-image\" ><div class=\"mt-post-image-background\" style=\"background-image:url(https:\/\/insurancecorp.com.br\/pt\/wp-content\/uploads\/2020\/09\/1-31-15x5.jpg);\"><\/div><img src=\"data:image\/gif;base64,R0lGODlhAQABAIAAAAAAAP\/\/\/yH5BAEAAAAALAAAAAABAAEAAAIBRAA7\"  alt=\"Dive In Festival no Brasil\"  data-src=\"https:\/\/insurancecorp.com.br\/pt\/wp-content\/uploads\/2020\/09\/1-31-150x150.jpg\" \/><\/div><\/a><div class=\"poster-text\"><a href=\"https:\/\/insurancecorp.com.br\/pt\/2020\/09\/19\/dive-in-festival-no-brasil\/\"><h4>Dive In Festival no Brasil<\/h4><\/a><small class=\"mt-pl\"><span class=\"color-silver-light mt-pl-d\">19 de setembro de 2020<\/span><\/small><\/div><div class=\"clearfix\"><\/div><\/div><div class=\"poster-small  \"><a class=\"poster-image mt-radius pull-left\" href=\"https:\/\/insurancecorp.com.br\/pt\/2020\/09\/09\/corretores-conectados-para-vencer\/\"><div class=\"mt-post-image\" ><div class=\"mt-post-image-background\" style=\"background-image:url(https:\/\/insurancecorp.com.br\/pt\/wp-content\/uploads\/2020\/09\/Foto-2-4-15x11.jpg);\"><\/div><img src=\"data:image\/gif;base64,R0lGODlhAQABAIAAAAAAAP\/\/\/yH5BAEAAAAALAAAAAABAAEAAAIBRAA7\"  alt=\"Corretores Conectados para vencer*\"  data-src=\"https:\/\/insurancecorp.com.br\/pt\/wp-content\/uploads\/2020\/09\/Foto-2-4-150x150.jpg\" \/><\/div><\/a><div class=\"poster-text\"><a href=\"https:\/\/insurancecorp.com.br\/pt\/2020\/09\/09\/corretores-conectados-para-vencer\/\"><h4>Corretores Conectados para vencer*<\/h4><\/a><small class=\"mt-pl\"><span class=\"color-silver-light mt-pl-d\">9 de setembro de 2020<\/span><\/small><\/div><div class=\"clearfix\"><\/div><\/div><div class=\"poster-small  \"><a class=\"poster-image mt-radius pull-left\" href=\"https:\/\/insurancecorp.com.br\/pt\/2020\/09\/29\/qualicorp-promove-live-sobre-diversidade-e-valorizacao-humana\/\"><div class=\"mt-post-image\" ><div class=\"mt-post-image-background\" style=\"background-image:url(https:\/\/insurancecorp.com.br\/pt\/wp-content\/uploads\/2020\/09\/agro-3-15x8.png);\"><\/div><img src=\"data:image\/gif;base64,R0lGODlhAQABAIAAAAAAAP\/\/\/yH5BAEAAAAALAAAAAABAAEAAAIBRAA7\"  alt=\"Qualicorp promove live sobre diversidade e valoriza\u00e7\u00e3o humana\"  data-src=\"https:\/\/insurancecorp.com.br\/pt\/wp-content\/uploads\/2020\/09\/agro-3-150x150.png\" \/><\/div><\/a><div class=\"poster-text\"><a href=\"https:\/\/insurancecorp.com.br\/pt\/2020\/09\/29\/qualicorp-promove-live-sobre-diversidade-e-valorizacao-humana\/\"><h4>Qualicorp promove live sobre diversidade e valoriza\u00e7\u00e3o humana<\/h4><\/a><small class=\"mt-pl\"><span class=\"color-silver-light mt-pl-d\">29 de setembro de 2020<\/span><\/small><\/div><div class=\"clearfix\"><\/div><\/div><\/div><\/div><div id=\"panel-468-1-1-2\" class=\"so-panel widget widget_space_widget\" data-index=\"4\" ><div class=\"clearfix\" style=\"height:10px\"><\/div><\/div><div id=\"panel-468-1-1-3\" class=\"widget_text so-panel widget widget_custom_html\" data-index=\"5\" ><div class=\"textwidget custom-html-widget\"><a target=\"_blank\" href=\"https:\/\/bitly.net\/4tKMrpl\" rel=\"noopener noreferrer\">\n    <img px\" height=\"auto\" style=\"border: 1px solid #ccc\" src=\"https:\/\/i2.wp.com\/insurancecorp.com.br\/pt\/wp-content\/uploads\/2026\/04\/300x250_bradesco_0426.gif?w=300&#038;ssl=1\" data-recalc-dims=\"1\">\n<\/a><\/div><\/div><div id=\"panel-468-1-1-4\" class=\"so-panel widget widget_space_widget\" data-index=\"6\" ><div class=\"clearfix\" style=\"height:10px\"><\/div><\/div><div id=\"panel-468-1-1-5\" class=\"widget_text so-panel widget widget_custom_html\" data-index=\"7\" ><div class=\"textwidget custom-html-widget\"><a target=\"_blank\" href=\"https:\/\/bitly.net\/47oNqmr\" rel=\"noopener noreferrer\">\n    <img px\" height=\"auto\" style=\"border: 1px solid #ccc\" src=\"https:\/\/i0.wp.com\/insurancecorp.com.br\/pt\/wp-content\/uploads\/2026\/03\/2026_03_06_AXA_Trade_Insurance-Corp_300x250.jpg?w=300&#038;ssl=1\" data-recalc-dims=\"1\">\n<\/a><\/div><\/div><div id=\"panel-468-1-1-6\" class=\"so-panel widget widget_space_widget\" data-index=\"8\" ><div class=\"clearfix\" style=\"height:10px\"><\/div><\/div><div id=\"panel-468-1-1-7\" class=\"widget_text so-panel widget widget_custom_html\" data-index=\"9\" ><div class=\"textwidget custom-html-widget\"><a target=\"_blank\" href=\"https:\/\/bitly.net\/49X6AlG\" rel=\"noopener noreferrer\">\n    <img px\" height=\"auto\" src=\"https:\/\/i0.wp.com\/insurancecorp.com.br\/pt\/wp-content\/uploads\/2025\/12\/OP-2.png?w=300&#038;ssl=1\" data-recalc-dims=\"1\">\n<\/a><\/div><\/div><div id=\"panel-468-1-1-8\" class=\"so-panel widget widget_space_widget\" data-index=\"10\" ><div class=\"clearfix\" style=\"height:10px\"><\/div><\/div><div id=\"panel-468-1-1-9\" class=\"widget_text so-panel widget widget_custom_html\" data-index=\"11\" ><div class=\"textwidget custom-html-widget\"><a target=\"_blank\" href=\"https:\/\/bitly.net\/4hqo4ak\" rel=\"noopener noreferrer\">\n    <img px\" height=\"auto\" src=\"https:\/\/i0.wp.com\/insurancecorp.com.br\/pt\/wp-content\/uploads\/2025\/01\/machado-cremoneze.png?w=300&#038;ssl=1\" data-recalc-dims=\"1\">\n<\/a><\/div><\/div><div id=\"panel-468-1-1-10\" class=\"so-panel widget widget_space_widget panel-last-child\" data-index=\"12\" ><div class=\"clearfix\" style=\"height:10px\"><\/div><\/div><\/div><\/div><\/div>","protected":false},"excerpt":{"rendered":"","protected":false},"author":1,"featured_media":0,"parent":0,"menu_order":0,"comment_status":"closed","ping_status":"closed","template":"","meta":[],"yoast_head":"<!-- This site is optimized with the Yoast SEO plugin v14.8 - https:\/\/yoast.com\/wordpress\/plugins\/seo\/ -->\n<title>Ultimas Not\u00edcias do Mercado de Seguros | Revista Insurance Corp<\/title>\n<meta name=\"description\" content=\"Leia as \u00faltimas not\u00edcias sobre o mercado de seguros. A Revista Insurance Corp \u00e9 uma publica\u00e7\u00e3o impressa, lan\u00e7ada no in\u00edcio de 2015.\" \/>\n<meta name=\"robots\" content=\"index, follow\" \/>\n<meta name=\"googlebot\" content=\"index, follow, max-snippet:-1, max-image-preview:large, max-video-preview:-1\" \/>\n<meta name=\"bingbot\" content=\"index, follow, max-snippet:-1, max-image-preview:large, max-video-preview:-1\" \/>\n<link rel=\"canonical\" href=\"https:\/\/insurancecorp.com.br\/pt\/ultimas-noticias\/\" \/>\n<meta property=\"og:locale\" content=\"pt_BR\" \/>\n<meta property=\"og:type\" content=\"article\" \/>\n<meta property=\"og:title\" content=\"Ultimas Not\u00edcias do Mercado de Seguros | Revista Insurance Corp\" \/>\n<meta property=\"og:description\" content=\"Leia as \u00faltimas not\u00edcias sobre o mercado de seguros. A Revista Insurance Corp \u00e9 uma publica\u00e7\u00e3o impressa, lan\u00e7ada no in\u00edcio de 2015.\" \/>\n<meta property=\"og:url\" content=\"https:\/\/insurancecorp.com.br\/pt\/ultimas-noticias\/\" \/>\n<meta property=\"og:site_name\" content=\"Revista Insurance Corp | PT-BR\" \/>\n<meta property=\"article:publisher\" content=\"https:\/\/www.facebook.com\/RevistaInsuranceCorp\/\" \/>\n<meta property=\"article:modified_time\" content=\"2026-04-15T23:56:54+00:00\" \/>\n<meta name=\"twitter:card\" content=\"summary\" \/>\n<script type=\"application\/ld+json\" class=\"yoast-schema-graph\">{\"@context\":\"https:\/\/schema.org\",\"@graph\":[{\"@type\":\"Organization\",\"@id\":\"https:\/\/insurancecorp.com.br\/pt\/#organization\",\"name\":\"Revista Insurance Corp\",\"url\":\"https:\/\/insurancecorp.com.br\/pt\/\",\"sameAs\":[\"https:\/\/www.facebook.com\/RevistaInsuranceCorp\/\"],\"logo\":{\"@type\":\"ImageObject\",\"@id\":\"https:\/\/insurancecorp.com.br\/pt\/#logo\",\"inLanguage\":\"pt-BR\",\"url\":\"\",\"caption\":\"Revista Insurance Corp\"},\"image\":{\"@id\":\"https:\/\/insurancecorp.com.br\/pt\/#logo\"}},{\"@type\":\"WebSite\",\"@id\":\"https:\/\/insurancecorp.com.br\/pt\/#website\",\"url\":\"https:\/\/insurancecorp.com.br\/pt\/\",\"name\":\"Revista Insurance Corp | PT-BR\",\"description\":\"A \\u00fanica revista bil\\u00edngue voltada ao mercado de seguro.\",\"publisher\":{\"@id\":\"https:\/\/insurancecorp.com.br\/pt\/#organization\"},\"potentialAction\":[{\"@type\":\"SearchAction\",\"target\":\"https:\/\/insurancecorp.com.br\/pt\/?s={search_term_string}\",\"query-input\":\"required name=search_term_string\"}],\"inLanguage\":\"pt-BR\"},{\"@type\":\"WebPage\",\"@id\":\"https:\/\/insurancecorp.com.br\/pt\/ultimas-noticias\/#webpage\",\"url\":\"https:\/\/insurancecorp.com.br\/pt\/ultimas-noticias\/\",\"name\":\"Ultimas Not\\u00edcias do Mercado de Seguros | Revista Insurance Corp\",\"isPartOf\":{\"@id\":\"https:\/\/insurancecorp.com.br\/pt\/#website\"},\"datePublished\":\"2017-06-20T17:02:45+00:00\",\"dateModified\":\"2026-04-15T23:56:54+00:00\",\"description\":\"Leia as \\u00faltimas not\\u00edcias sobre o mercado de seguros. A Revista Insurance Corp \\u00e9 uma publica\\u00e7\\u00e3o impressa, lan\\u00e7ada no in\\u00edcio de 2015.\",\"inLanguage\":\"pt-BR\",\"potentialAction\":[{\"@type\":\"ReadAction\",\"target\":[\"https:\/\/insurancecorp.com.br\/pt\/ultimas-noticias\/\"]}]}]}<\/script>\n<!-- \/ Yoast SEO plugin. -->","_links":{"self":[{"href":"https:\/\/insurancecorp.com.br\/pt\/wp-json\/wp\/v2\/pages\/468"}],"collection":[{"href":"https:\/\/insurancecorp.com.br\/pt\/wp-json\/wp\/v2\/pages"}],"about":[{"href":"https:\/\/insurancecorp.com.br\/pt\/wp-json\/wp\/v2\/types\/page"}],"author":[{"embeddable":true,"href":"https:\/\/insurancecorp.com.br\/pt\/wp-json\/wp\/v2\/users\/1"}],"replies":[{"embeddable":true,"href":"https:\/\/insurancecorp.com.br\/pt\/wp-json\/wp\/v2\/comments?post=468"}],"version-history":[{"count":259,"href":"https:\/\/insurancecorp.com.br\/pt\/wp-json\/wp\/v2\/pages\/468\/revisions"}],"predecessor-version":[{"id":78817,"href":"https:\/\/insurancecorp.com.br\/pt\/wp-json\/wp\/v2\/pages\/468\/revisions\/78817"}],"wp:attachment":[{"href":"https:\/\/insurancecorp.com.br\/pt\/wp-json\/wp\/v2\/media?parent=468"}],"curies":[{"name":"wp","href":"https:\/\/api.w.org\/{rel}","templated":true}]}}